

{"id":23700,"date":"2024-12-16T12:50:09","date_gmt":"2024-12-16T11:50:09","guid":{"rendered":"https:\/\/www.gamapa.de\/engagement-social\/in-der-region-verwurzelt\/"},"modified":"2026-01-21T11:19:07","modified_gmt":"2026-01-21T10:19:07","slug":"ancre-dans-la-region","status":"publish","type":"page","link":"https:\/\/www.gamapa.de\/fr\/engagement-social\/ancre-dans-la-region\/","title":{"rendered":"Ancr\u00e9 dans la r\u00e9gion"},"content":{"rendered":"\n<h3 class=\"wp-block-heading inhalt\">Notre engagement local<\/h3>\n\n\n\n<p>Fond\u00e9 \u00e0 D\u00fcsseldorf, notre cabinet est profond\u00e9ment attach\u00e9 \u00e0 notre ville natale, tant sur le plan professionnel que social. C&rsquo;est pourquoi nous soutenons activement des projets, associations et institutions locaux et nous engageons en faveur du d\u00e9veloppement positif de notre ville. Voici quelques exemples de nos actions:<\/p>\n\n\n\n<div style=\"height:56px\" aria-hidden=\"true\" class=\"wp-block-spacer\"><\/div>\n\n\n\n<div class=\"wp-block-pb-accordion-item c-accordion__item js-accordion-item no-js medi\" data-initially-open=\"false\" data-click-to-close=\"true\" data-auto-close=\"true\" data-scroll=\"false\" data-scroll-offset=\"0\"><h2 id=\"at-237000\" class=\"c-accordion__title js-accordion-controller\" role=\"button\">Membre fondateur du TechHub.K67<\/h2><div id=\"ac-237000\" class=\"c-accordion__content\">\n<p>Le <a href=\"https:\/\/www.techhubk67.de\/\">TechHub.K67<\/a> est un espace communautaire d\u00e9di\u00e9 aux start-ups, aux entreprises et \u00e0 l&rsquo;innovation \u00e0 D\u00fcsseldorf. Nous y proposons aux start-ups des locaux, des ressources et des r\u00e9seaux afin qu&rsquo;elles puissent rapidement d\u00e9velopper et \u00e9tendre leurs id\u00e9es. Nous offrons aux entreprises un acc\u00e8s direct aux technologies et aux talents, ainsi que la possibilit\u00e9 d&rsquo;accro\u00eetre leur visibilit\u00e9 dans le domaine de l&rsquo;innovation.<\/p>\n\n\n\n<p>Notre partenaire <a href=\"https:\/\/www.gamapa.de\/fr\/conseillers\/ruediger-schaar-conseil-fiscal\/\">R\u00fcdiger Schaar<\/a> est pr\u00e9sident de l&rsquo;association TechHub.K67 e.V.<\/p>\n\n\n\n<section class=\"wp-block-uagb-section uagb-section__wrap uagb-section__background-none uagb-block-7076d4cd\"><div class=\"uagb-section__overlay\"><\/div><div class=\"uagb-section__inner-wrap\">\n<figure class=\"wp-block-image size-full is-resized\"><img loading=\"lazy\" decoding=\"async\" width=\"3440\" height=\"2048\" src=\"https:\/\/www.gamapa.de\/wp-content\/uploads\/2024\/12\/k67-logo.png\" alt=\"\" class=\"wp-image-17135\" style=\"aspect-ratio:1.3333333333333333;object-fit:cover;width:244px;height:auto\" srcset=\"https:\/\/www.gamapa.de\/wp-content\/uploads\/2024\/12\/k67-logo.png 3440w, https:\/\/www.gamapa.de\/wp-content\/uploads\/2024\/12\/k67-logo-600x357.png 600w, https:\/\/www.gamapa.de\/wp-content\/uploads\/2024\/12\/k67-logo-768x457.png 768w, https:\/\/www.gamapa.de\/wp-content\/uploads\/2024\/12\/k67-logo-50x30.png 50w, https:\/\/www.gamapa.de\/wp-content\/uploads\/2024\/12\/k67-logo-1600x953.png 1600w, https:\/\/www.gamapa.de\/wp-content\/uploads\/2024\/12\/k67-logo-1536x914.png 1536w, https:\/\/www.gamapa.de\/wp-content\/uploads\/2024\/12\/k67-logo-2048x1219.png 2048w\" sizes=\"auto, (max-width: 3440px) 100vw, 3440px\" \/><\/figure>\n<\/div><\/section>\n<\/div><\/div>\n\n\n\n<p><\/p>\n\n\n\n<div class=\"wp-block-pb-accordion-item c-accordion__item js-accordion-item no-js medi\" data-initially-open=\"false\" data-click-to-close=\"true\" data-auto-close=\"true\" data-scroll=\"false\" data-scroll-offset=\"0\"><h2 id=\"at-237001\" class=\"c-accordion__title js-accordion-controller\" role=\"button\">Membre Destination D\u00fcsseldorf<\/h2><div id=\"ac-237001\" class=\"c-accordion__content\">\n<p>Ce qui a commenc\u00e9 en 1989 comme un groupe de travail compos\u00e9 de huit entreprises est aujourd&rsquo;hui une association comptant environ 150 entreprises membres qui poursuivent un objectif commun: renforcer l&rsquo;attractivit\u00e9 de la capitale r\u00e9gionale et de ses environs.<\/p>\n\n\n\n<p>L&rsquo;engagement en faveur du marketing territorial et des int\u00e9r\u00eats des petites et moyennes entreprises \u00e0 D\u00fcsseldorf d\u00e9termine, en \u00e9troite collaboration avec la ville, les actions de <a href=\"https:\/\/destination-duesseldorf.de\/\">Destination D\u00fcsseldorf (DD)<\/a>: celle-ci s&rsquo;implique aussi bien dans les domaines culturels, sportifs et touristiques que dans ceux de la politique \u00e9conomique.<\/p>\n\n\n\n<p>Notre partenaire <a href=\"https:\/\/www.gamapa.de\/fr\/conseillers\/ruediger-schaar-conseil-fiscal\/\">R\u00fcdiger Schaar<\/a> est membre du comit\u00e9 directeur de Destination D\u00fcsseldorf.<\/p>\n\n\n\n<section class=\"wp-block-uagb-section uagb-section__wrap uagb-section__background-none uagb-block-8148bce3\"><div class=\"uagb-section__overlay\"><\/div><div class=\"uagb-section__inner-wrap\">\n<figure class=\"wp-block-image size-full is-resized\"><img loading=\"lazy\" decoding=\"async\" width=\"1400\" height=\"1219\" src=\"https:\/\/www.gamapa.de\/wp-content\/uploads\/2024\/12\/DD-01.jpg\" alt=\"\" class=\"wp-image-17127\" style=\"width:243px;height:auto\" srcset=\"https:\/\/www.gamapa.de\/wp-content\/uploads\/2024\/12\/DD-01.jpg 1400w, https:\/\/www.gamapa.de\/wp-content\/uploads\/2024\/12\/DD-01-600x522.jpg 600w, https:\/\/www.gamapa.de\/wp-content\/uploads\/2024\/12\/DD-01-768x669.jpg 768w, https:\/\/www.gamapa.de\/wp-content\/uploads\/2024\/12\/DD-01-50x44.jpg 50w\" sizes=\"auto, (max-width: 1400px) 100vw, 1400px\" \/><\/figure>\n<\/div><\/section>\n<\/div><\/div>\n\n\n\n<div class=\"wp-block-pb-accordion-item c-accordion__item js-accordion-item no-js medi\" data-initially-open=\"false\" data-click-to-close=\"true\" data-auto-close=\"true\" data-scroll=\"false\" data-scroll-offset=\"0\"><h2 id=\"at-237002\" class=\"c-accordion__title js-accordion-controller\" role=\"button\">Unicorn partenaire de la Startup Week D\u00fcsseldorf<\/h2><div id=\"ac-237002\" class=\"c-accordion__content\">\n<p>Lors de la <a href=\"https:\/\/www.startupwoche-dus.de\/\">Startup-Woche D\u00fcsseldorf<\/a> les visionnaires rencontrent les entreprises, les ind\u00e9pendants rencontrent les \u00e9quipes solides, les fondateurs rencontrent les business angels et les d\u00e9butants rencontrent les experts.<\/p>\n\n\n\n<p>Vous d\u00e9couvrirez directement la sc\u00e8ne startup de D\u00fcsseldorf, vous apprendrez pourquoi les tendances continueront \u00e0 venir de D\u00fcsseldorf \u00e0 l&rsquo;avenir et vous aurez l&rsquo;occasion d&rsquo;apprendre tellement de choses que vous pourrez vous concentrer uniquement sur la cr\u00e9ation de votre entreprise ou de votre startup jusqu&rsquo;\u00e0 la fin de l&rsquo;ann\u00e9e.<\/p>\n\n\n\n<section class=\"wp-block-uagb-section uagb-section__wrap uagb-section__background-none uagb-block-e10f3879\"><div class=\"uagb-section__overlay\"><\/div><div class=\"uagb-section__inner-wrap\">\n<figure class=\"wp-block-image size-full is-resized\"><img loading=\"lazy\" decoding=\"async\" width=\"730\" height=\"930\" src=\"https:\/\/www.gamapa.de\/wp-content\/uploads\/2024\/12\/Start-Up-Logo.jpg\" alt=\"\" class=\"wp-image-17143\" style=\"width:214px;height:auto\" srcset=\"https:\/\/www.gamapa.de\/wp-content\/uploads\/2024\/12\/Start-Up-Logo.jpg 730w, https:\/\/www.gamapa.de\/wp-content\/uploads\/2024\/12\/Start-Up-Logo-471x600.jpg 471w, https:\/\/www.gamapa.de\/wp-content\/uploads\/2024\/12\/Start-Up-Logo-50x64.jpg 50w\" sizes=\"auto, (max-width: 730px) 100vw, 730px\" \/><\/figure>\n<\/div><\/section>\n<\/div><\/div>\n\n\n\n<div class=\"wp-block-pb-accordion-item c-accordion__item js-accordion-item no-js medi\" data-initially-open=\"false\" data-click-to-close=\"true\" data-auto-close=\"true\" data-scroll=\"false\" data-scroll-offset=\"0\"><h2 id=\"at-237003\" class=\"c-accordion__title js-accordion-controller\" role=\"button\">Partenaire de l&rsquo;exposition Journ\u00e9e \u00e9conomique du Japon<\/h2><div id=\"ac-237003\" class=\"c-accordion__content\">\n<p>La <a href=\"https:\/\/www.japantag-duesseldorf-nrw.de\/erleben\/wirtschaftstag\">conf\u00e9rence \u00e9conomique<\/a> existe depuis 2002 et, avec la journ\u00e9e annuelle du Japon \u00ab Kultur und Begegnungsfest \u00bb (f\u00eate de la culture et des rencontres), elle souligne l&rsquo;importance des relations germano-japonaises solides \u00e0 D\u00fcsseldorf et en Rh\u00e9nanie-du-Nord-Westphalie.<\/p>\n\n\n\n<p>Nous sommes \u00e9galement r\u00e9guli\u00e8rement repr\u00e9sent\u00e9s \u00e0 la journ\u00e9e \u00e9conomique avec notre Japanese Desk.<\/p>\n\n\n\n<section class=\"wp-block-uagb-section uagb-section__wrap uagb-section__background-none uagb-block-59a13997\"><div class=\"uagb-section__overlay\"><\/div><div class=\"uagb-section__inner-wrap\">\n<figure class=\"wp-block-image size-full is-resized\"><img loading=\"lazy\" decoding=\"async\" width=\"420\" height=\"254\" src=\"https:\/\/www.gamapa.de\/wp-content\/uploads\/2024\/12\/420_254_logo_wirtschaftstag.jpg\" alt=\"\" class=\"wp-image-17150\" style=\"width:356px;height:auto\" srcset=\"https:\/\/www.gamapa.de\/wp-content\/uploads\/2024\/12\/420_254_logo_wirtschaftstag.jpg 420w, https:\/\/www.gamapa.de\/wp-content\/uploads\/2024\/12\/420_254_logo_wirtschaftstag-50x30.jpg 50w\" sizes=\"auto, (max-width: 420px) 100vw, 420px\" \/><\/figure>\n<\/div><\/section>\n<\/div><\/div>\n\n\n\n<div class=\"wp-block-pb-accordion-item c-accordion__item js-accordion-item no-js medi\" data-initially-open=\"false\" data-click-to-close=\"true\" data-auto-close=\"true\" data-scroll=\"false\" data-scroll-offset=\"0\"><h2 id=\"at-237004\" class=\"c-accordion__title js-accordion-controller\" role=\"button\">Membre de l&rsquo;association \u00e9conomique germano-japonaise Deutsch-Japanischer Wirtschaftskreis e.V.<\/h2><div id=\"ac-237004\" class=\"c-accordion__content\">\n<p>Nous faisons partie du groupe d&rsquo;experts du <a href=\"https:\/\/www.djw.de\/de\/expertenpool\/\">cercle \u00e9conomique<\/a> et r\u00e9digeons occasionnellement des newsletters en allemand et en japonais sur des th\u00e8mes fiscaux et juridiques d&rsquo;actualit\u00e9, qui sont publi\u00e9es sur la page d&rsquo;accueil du cercle \u00e9conomique.<\/p>\n<\/div><\/div>\n\n\n\n<div class=\"wp-block-pb-accordion-item c-accordion__item js-accordion-item no-js medi\" data-initially-open=\"false\" data-click-to-close=\"true\" data-auto-close=\"true\" data-scroll=\"false\" data-scroll-offset=\"0\"><h2 id=\"at-237005\" class=\"c-accordion__title js-accordion-controller\" role=\"button\">Membre de la Chambre de commerce et d&rsquo;industrie japonaise \u00e0 D\u00fcsseldorf e.V.<\/h2><div id=\"ac-237005\" class=\"c-accordion__content\">\n<p>Nous sommes membres du comit\u00e9 juridique de la <a href=\"https:\/\/www.jihk.de\/de\">Chambre de commerce et d&rsquo;industrie japonaise \u00e0 D\u00fcsseldorf<\/a> et organisons chaque ann\u00e9e des conf\u00e9rences sur des th\u00e8mes juridiques d&rsquo;actualit\u00e9. Nous informons ainsi les entreprises japonaises des \u00e9volutions juridiques importantes en Allemagne afin de soutenir au mieux leurs activit\u00e9s commerciales en Allemagne et en Europe.<\/p>\n<\/div><\/div>\n\n\n\n<div style=\"height:40px\" aria-hidden=\"true\" class=\"wp-block-spacer\"><\/div>\n\n\n\n<h3 class=\"wp-block-heading\">Vos interlocuteurs:<\/h3>\n\n\n\n<div class=\"wp-block-columns is-layout-flex wp-container-core-columns-is-layout-9d6595d7 wp-block-columns-is-layout-flex\">\n<div class=\"wp-block-column is-layout-flow wp-block-column-is-layout-flow\">\n<figure class=\"wp-block-image size-full\"><img loading=\"lazy\" decoding=\"async\" width=\"600\" height=\"389\" src=\"https:\/\/www.gamapa.de\/wp-content\/uploads\/2020\/08\/Schaar_1.jpg\" alt=\"\" class=\"wp-image-15507\"\/><figcaption class=\"wp-element-caption\"><a href=\"https:\/\/www.gamapa.de\/ruediger-schaar-steuerberater\/\">R\u00fcdiger Schaar<\/a><\/figcaption><\/figure>\n<\/div>\n\n\n\n<div class=\"wp-block-column 2-5rem is-layout-flow wp-block-column-is-layout-flow\">\n<figure class=\"wp-block-image size-full\"><img loading=\"lazy\" decoding=\"async\" width=\"600\" height=\"389\" src=\"https:\/\/www.gamapa.de\/wp-content\/uploads\/2020\/08\/Kawazoe-600x389-1.jpg\" alt=\"\" class=\"wp-image-8120\"\/><figcaption class=\"wp-element-caption\"><a href=\"https:\/\/www.gamapa.de\/saeko-kawazoe-rechtsanwaeltin-steuerberaterin\/\">Saeko Kawazoe<\/a><\/figcaption><\/figure>\n\n\n\n<p>Japanese Desk<\/p>\n<\/div>\n<\/div>\n\n\n\n<div style=\"height:50px\" aria-hidden=\"true\" class=\"wp-block-spacer\"><\/div>\n\n\n\n<p>Revenons aux autres domaines dans lesquels nous nous engageons personnellement et en tant que cabinet:<\/p>\n\n\n\n<div class=\"wp-block-columns is-layout-flex wp-container-core-columns-is-layout-9d6595d7 wp-block-columns-is-layout-flex\">\n<div class=\"wp-block-column breites-raster med is-layout-flow wp-block-column-is-layout-flow\">\n<div class=\"wp-block-button\"><a class=\"wp-block-button__link has-background wp-element-button\" style=\"background-color:#003565\">Art &amp; culture<\/a><\/div>\n<\/div>\n\n\n\n<div class=\"wp-block-column med is-layout-flow wp-block-column-is-layout-flow\">\n<div class=\"wp-block-button\"><a class=\"wp-block-button__link has-background wp-element-button\" style=\"background-color:#003565\">Sport<\/a><\/div>\n<\/div>\n\n\n\n<div class=\"wp-block-column med is-layout-flow wp-block-column-is-layout-flow\">\n<div class=\"wp-block-button\"><a class=\"wp-block-button__link has-background wp-element-button\" style=\"background-color:#003565\">Environnement<\/a><\/div>\n<\/div>\n<\/div>\n\n\n\n<div class=\"wp-block-columns is-layout-flex wp-container-core-columns-is-layout-9d6595d7 wp-block-columns-is-layout-flex\"><\/div>\n","protected":false},"excerpt":{"rendered":"<p>Notre engagement local Fond\u00e9 \u00e0 D\u00fcsseldorf, notre cabinet est profond\u00e9ment attach\u00e9 \u00e0 notre ville natale, tant sur le plan professionnel que social. C&rsquo;est pourquoi nous soutenons activement des projets, associations et institutions locaux et nous engageons en faveur du d\u00e9veloppement positif de notre ville. Voici quelques exemples de nos actions: Vos interlocuteurs: Japanese Desk Revenons <a href=\"https:\/\/www.gamapa.de\/fr\/engagement-social\/ancre-dans-la-region\/\">[\u2026]<\/a><\/p>\n","protected":false},"author":11,"featured_media":17169,"parent":23595,"menu_order":0,"comment_status":"closed","ping_status":"closed","template":"","meta":{"_acf_changed":false,"_uag_custom_page_level_css":"","footnotes":""},"class_list":["post-23700","page","type-page","status-publish","has-post-thumbnail","hentry"],"acf":[],"yoast_head":"<!-- This site is optimized with the Yoast SEO plugin v27.3 - https:\/\/yoast.com\/product\/yoast-seo-wordpress\/ -->\n<title>Ancr\u00e9 dans la r\u00e9gion<\/title>\n<meta name=\"description\" content=\"Fond\u00e9 et ancr\u00e9 \u00e0 D\u00fcsseldorf, notre cabinet est \u00e9troitement li\u00e9 \u00e0 notre ville natale, tant sur le plan professionnel que social.\" \/>\n<meta name=\"robots\" content=\"index, follow, max-snippet:-1, max-image-preview:large, max-video-preview:-1\" \/>\n<link rel=\"canonical\" href=\"https:\/\/www.gamapa.de\/fr\/engagement-social\/ancre-dans-la-region\/\" \/>\n<meta property=\"og:locale\" content=\"fr_FR\" \/>\n<meta property=\"og:type\" content=\"article\" \/>\n<meta property=\"og:title\" content=\"Ancr\u00e9 dans la r\u00e9gion\" \/>\n<meta property=\"og:description\" content=\"Fond\u00e9 et ancr\u00e9 \u00e0 D\u00fcsseldorf, notre cabinet est \u00e9troitement li\u00e9 \u00e0 notre ville natale, tant sur le plan professionnel que social.\" \/>\n<meta property=\"og:url\" content=\"https:\/\/www.gamapa.de\/fr\/engagement-social\/ancre-dans-la-region\/\" \/>\n<meta property=\"og:site_name\" content=\"GANTEF\u00dcHRER\" \/>\n<meta property=\"article:modified_time\" content=\"2026-01-21T10:19:07+00:00\" \/>\n<meta property=\"og:image\" content=\"https:\/\/www.gamapa.de\/wp-content\/uploads\/2024\/12\/In-der-Region-verwurzelt-b.jpg\" \/>\n\t<meta property=\"og:image:width\" content=\"2560\" \/>\n\t<meta property=\"og:image:height\" content=\"764\" \/>\n\t<meta property=\"og:image:type\" content=\"image\/jpeg\" \/>\n<meta name=\"twitter:card\" content=\"summary_large_image\" \/>\n<meta name=\"twitter:label1\" content=\"Dur\u00e9e de lecture estim\u00e9e\" \/>\n\t<meta name=\"twitter:data1\" content=\"5 minutes\" \/>\n<script type=\"application\/ld+json\" class=\"yoast-schema-graph\">{\"@context\":\"https:\\\/\\\/schema.org\",\"@graph\":[{\"@type\":\"WebPage\",\"@id\":\"https:\\\/\\\/www.gamapa.de\\\/fr\\\/engagement-social\\\/ancre-dans-la-region\\\/\",\"url\":\"https:\\\/\\\/www.gamapa.de\\\/fr\\\/engagement-social\\\/ancre-dans-la-region\\\/\",\"name\":\"Ancr\u00e9 dans la r\u00e9gion\",\"isPartOf\":{\"@id\":\"https:\\\/\\\/www.gamapa.de\\\/fr\\\/#website\"},\"primaryImageOfPage\":{\"@id\":\"https:\\\/\\\/www.gamapa.de\\\/fr\\\/engagement-social\\\/ancre-dans-la-region\\\/#primaryimage\"},\"image\":{\"@id\":\"https:\\\/\\\/www.gamapa.de\\\/fr\\\/engagement-social\\\/ancre-dans-la-region\\\/#primaryimage\"},\"thumbnailUrl\":\"https:\\\/\\\/www.gamapa.de\\\/wp-content\\\/uploads\\\/2024\\\/12\\\/In-der-Region-verwurzelt-b.jpg\",\"datePublished\":\"2024-12-16T11:50:09+00:00\",\"dateModified\":\"2026-01-21T10:19:07+00:00\",\"description\":\"Fond\u00e9 et ancr\u00e9 \u00e0 D\u00fcsseldorf, notre cabinet est \u00e9troitement li\u00e9 \u00e0 notre ville natale, tant sur le plan professionnel que social.\",\"breadcrumb\":{\"@id\":\"https:\\\/\\\/www.gamapa.de\\\/fr\\\/engagement-social\\\/ancre-dans-la-region\\\/#breadcrumb\"},\"inLanguage\":\"fr-FR\",\"potentialAction\":[{\"@type\":\"ReadAction\",\"target\":[\"https:\\\/\\\/www.gamapa.de\\\/fr\\\/engagement-social\\\/ancre-dans-la-region\\\/\"]}]},{\"@type\":\"ImageObject\",\"inLanguage\":\"fr-FR\",\"@id\":\"https:\\\/\\\/www.gamapa.de\\\/fr\\\/engagement-social\\\/ancre-dans-la-region\\\/#primaryimage\",\"url\":\"https:\\\/\\\/www.gamapa.de\\\/wp-content\\\/uploads\\\/2024\\\/12\\\/In-der-Region-verwurzelt-b.jpg\",\"contentUrl\":\"https:\\\/\\\/www.gamapa.de\\\/wp-content\\\/uploads\\\/2024\\\/12\\\/In-der-Region-verwurzelt-b.jpg\",\"width\":2560,\"height\":764,\"caption\":\"Nachhaltiges Engagement in der Region - Gantef\u00fchrer Rechtsanw\u00e4lte Wirtschaftspr\u00fcfer\"},{\"@type\":\"BreadcrumbList\",\"@id\":\"https:\\\/\\\/www.gamapa.de\\\/fr\\\/engagement-social\\\/ancre-dans-la-region\\\/#breadcrumb\",\"itemListElement\":[{\"@type\":\"ListItem\",\"position\":1,\"name\":\"Startseite\",\"item\":\"https:\\\/\\\/www.gamapa.de\\\/fr\\\/\"},{\"@type\":\"ListItem\",\"position\":2,\"name\":\"Engagement social\",\"item\":\"https:\\\/\\\/www.gamapa.de\\\/fr\\\/engagement-social\\\/\"},{\"@type\":\"ListItem\",\"position\":3,\"name\":\"Ancr\u00e9 dans la r\u00e9gion\"}]},{\"@type\":\"WebSite\",\"@id\":\"https:\\\/\\\/www.gamapa.de\\\/fr\\\/#website\",\"url\":\"https:\\\/\\\/www.gamapa.de\\\/fr\\\/\",\"name\":\"GANTEF\u00dcHRER\",\"description\":\"Wirtschaftspr\u00fcfer, Steuerberater, Rechtsanw\u00e4lte\",\"publisher\":{\"@id\":\"https:\\\/\\\/www.gamapa.de\\\/fr\\\/#organization\"},\"potentialAction\":[{\"@type\":\"SearchAction\",\"target\":{\"@type\":\"EntryPoint\",\"urlTemplate\":\"https:\\\/\\\/www.gamapa.de\\\/fr\\\/?s={search_term_string}\"},\"query-input\":{\"@type\":\"PropertyValueSpecification\",\"valueRequired\":true,\"valueName\":\"search_term_string\"}}],\"inLanguage\":\"fr-FR\"},{\"@type\":\"Organization\",\"@id\":\"https:\\\/\\\/www.gamapa.de\\\/fr\\\/#organization\",\"name\":\"Gantef\u00fchrer Wirtschaftspr\u00fcfer, Steuerberater, Rechtsanw\u00e4lte\",\"url\":\"https:\\\/\\\/www.gamapa.de\\\/fr\\\/\",\"logo\":{\"@type\":\"ImageObject\",\"inLanguage\":\"fr-FR\",\"@id\":\"https:\\\/\\\/www.gamapa.de\\\/fr\\\/#\\\/schema\\\/logo\\\/image\\\/\",\"url\":\"https:\\\/\\\/www.gamapa.de\\\/wp-content\\\/uploads\\\/2026\\\/01\\\/Logo-Gantefuehrer.png\",\"contentUrl\":\"https:\\\/\\\/www.gamapa.de\\\/wp-content\\\/uploads\\\/2026\\\/01\\\/Logo-Gantefuehrer.png\",\"width\":767,\"height\":156,\"caption\":\"Gantef\u00fchrer Wirtschaftspr\u00fcfer, Steuerberater, Rechtsanw\u00e4lte\"},\"image\":{\"@id\":\"https:\\\/\\\/www.gamapa.de\\\/fr\\\/#\\\/schema\\\/logo\\\/image\\\/\"}}]}<\/script>\n<!-- \/ Yoast SEO plugin. -->","yoast_head_json":{"title":"Ancr\u00e9 dans la r\u00e9gion","description":"Fond\u00e9 et ancr\u00e9 \u00e0 D\u00fcsseldorf, notre cabinet est \u00e9troitement li\u00e9 \u00e0 notre ville natale, tant sur le plan professionnel que social.","robots":{"index":"index","follow":"follow","max-snippet":"max-snippet:-1","max-image-preview":"max-image-preview:large","max-video-preview":"max-video-preview:-1"},"canonical":"https:\/\/www.gamapa.de\/fr\/engagement-social\/ancre-dans-la-region\/","og_locale":"fr_FR","og_type":"article","og_title":"Ancr\u00e9 dans la r\u00e9gion","og_description":"Fond\u00e9 et ancr\u00e9 \u00e0 D\u00fcsseldorf, notre cabinet est \u00e9troitement li\u00e9 \u00e0 notre ville natale, tant sur le plan professionnel que social.","og_url":"https:\/\/www.gamapa.de\/fr\/engagement-social\/ancre-dans-la-region\/","og_site_name":"GANTEF\u00dcHRER","article_modified_time":"2026-01-21T10:19:07+00:00","og_image":[{"width":2560,"height":764,"url":"https:\/\/www.gamapa.de\/wp-content\/uploads\/2024\/12\/In-der-Region-verwurzelt-b.jpg","type":"image\/jpeg"}],"twitter_card":"summary_large_image","twitter_misc":{"Dur\u00e9e de lecture estim\u00e9e":"5 minutes"},"schema":{"@context":"https:\/\/schema.org","@graph":[{"@type":"WebPage","@id":"https:\/\/www.gamapa.de\/fr\/engagement-social\/ancre-dans-la-region\/","url":"https:\/\/www.gamapa.de\/fr\/engagement-social\/ancre-dans-la-region\/","name":"Ancr\u00e9 dans la r\u00e9gion","isPartOf":{"@id":"https:\/\/www.gamapa.de\/fr\/#website"},"primaryImageOfPage":{"@id":"https:\/\/www.gamapa.de\/fr\/engagement-social\/ancre-dans-la-region\/#primaryimage"},"image":{"@id":"https:\/\/www.gamapa.de\/fr\/engagement-social\/ancre-dans-la-region\/#primaryimage"},"thumbnailUrl":"https:\/\/www.gamapa.de\/wp-content\/uploads\/2024\/12\/In-der-Region-verwurzelt-b.jpg","datePublished":"2024-12-16T11:50:09+00:00","dateModified":"2026-01-21T10:19:07+00:00","description":"Fond\u00e9 et ancr\u00e9 \u00e0 D\u00fcsseldorf, notre cabinet est \u00e9troitement li\u00e9 \u00e0 notre ville natale, tant sur le plan professionnel que social.","breadcrumb":{"@id":"https:\/\/www.gamapa.de\/fr\/engagement-social\/ancre-dans-la-region\/#breadcrumb"},"inLanguage":"fr-FR","potentialAction":[{"@type":"ReadAction","target":["https:\/\/www.gamapa.de\/fr\/engagement-social\/ancre-dans-la-region\/"]}]},{"@type":"ImageObject","inLanguage":"fr-FR","@id":"https:\/\/www.gamapa.de\/fr\/engagement-social\/ancre-dans-la-region\/#primaryimage","url":"https:\/\/www.gamapa.de\/wp-content\/uploads\/2024\/12\/In-der-Region-verwurzelt-b.jpg","contentUrl":"https:\/\/www.gamapa.de\/wp-content\/uploads\/2024\/12\/In-der-Region-verwurzelt-b.jpg","width":2560,"height":764,"caption":"Nachhaltiges Engagement in der Region - Gantef\u00fchrer Rechtsanw\u00e4lte Wirtschaftspr\u00fcfer"},{"@type":"BreadcrumbList","@id":"https:\/\/www.gamapa.de\/fr\/engagement-social\/ancre-dans-la-region\/#breadcrumb","itemListElement":[{"@type":"ListItem","position":1,"name":"Startseite","item":"https:\/\/www.gamapa.de\/fr\/"},{"@type":"ListItem","position":2,"name":"Engagement social","item":"https:\/\/www.gamapa.de\/fr\/engagement-social\/"},{"@type":"ListItem","position":3,"name":"Ancr\u00e9 dans la r\u00e9gion"}]},{"@type":"WebSite","@id":"https:\/\/www.gamapa.de\/fr\/#website","url":"https:\/\/www.gamapa.de\/fr\/","name":"GANTEF\u00dcHRER","description":"Wirtschaftspr\u00fcfer, Steuerberater, Rechtsanw\u00e4lte","publisher":{"@id":"https:\/\/www.gamapa.de\/fr\/#organization"},"potentialAction":[{"@type":"SearchAction","target":{"@type":"EntryPoint","urlTemplate":"https:\/\/www.gamapa.de\/fr\/?s={search_term_string}"},"query-input":{"@type":"PropertyValueSpecification","valueRequired":true,"valueName":"search_term_string"}}],"inLanguage":"fr-FR"},{"@type":"Organization","@id":"https:\/\/www.gamapa.de\/fr\/#organization","name":"Gantef\u00fchrer Wirtschaftspr\u00fcfer, Steuerberater, Rechtsanw\u00e4lte","url":"https:\/\/www.gamapa.de\/fr\/","logo":{"@type":"ImageObject","inLanguage":"fr-FR","@id":"https:\/\/www.gamapa.de\/fr\/#\/schema\/logo\/image\/","url":"https:\/\/www.gamapa.de\/wp-content\/uploads\/2026\/01\/Logo-Gantefuehrer.png","contentUrl":"https:\/\/www.gamapa.de\/wp-content\/uploads\/2026\/01\/Logo-Gantefuehrer.png","width":767,"height":156,"caption":"Gantef\u00fchrer Wirtschaftspr\u00fcfer, Steuerberater, Rechtsanw\u00e4lte"},"image":{"@id":"https:\/\/www.gamapa.de\/fr\/#\/schema\/logo\/image\/"}}]}},"uagb_featured_image_src":{"full":["https:\/\/www.gamapa.de\/wp-content\/uploads\/2024\/12\/In-der-Region-verwurzelt-b.jpg",2560,764,false],"thumbnail":["https:\/\/www.gamapa.de\/wp-content\/uploads\/2024\/12\/In-der-Region-verwurzelt-b-150x150.jpg",150,150,true],"medium":["https:\/\/www.gamapa.de\/wp-content\/uploads\/2024\/12\/In-der-Region-verwurzelt-b-600x179.jpg",600,179,true],"medium_large":["https:\/\/www.gamapa.de\/wp-content\/uploads\/2024\/12\/In-der-Region-verwurzelt-b-768x229.jpg",580,173,true],"large":["https:\/\/www.gamapa.de\/wp-content\/uploads\/2024\/12\/In-der-Region-verwurzelt-b.jpg",580,173,false],"gs-tiny":["https:\/\/www.gamapa.de\/wp-content\/uploads\/2024\/12\/In-der-Region-verwurzelt-b-50x15.jpg",50,15,true],"xl":["https:\/\/www.gamapa.de\/wp-content\/uploads\/2024\/12\/In-der-Region-verwurzelt-b-1600x478.jpg",1600,478,true],"xxl":["https:\/\/www.gamapa.de\/wp-content\/uploads\/2024\/12\/In-der-Region-verwurzelt-b-2200x657.jpg",2200,657,true],"xxxl":["https:\/\/www.gamapa.de\/wp-content\/uploads\/2024\/12\/In-der-Region-verwurzelt-b.jpg",2560,764,false],"xxxxl":["https:\/\/www.gamapa.de\/wp-content\/uploads\/2024\/12\/In-der-Region-verwurzelt-b.jpg",2560,764,false],"xxxxxl":["https:\/\/www.gamapa.de\/wp-content\/uploads\/2024\/12\/In-der-Region-verwurzelt-b.jpg",2560,764,false],"1536x1536":["https:\/\/www.gamapa.de\/wp-content\/uploads\/2024\/12\/In-der-Region-verwurzelt-b-1536x458.jpg",1536,458,true],"2048x2048":["https:\/\/www.gamapa.de\/wp-content\/uploads\/2024\/12\/In-der-Region-verwurzelt-b-2048x611.jpg",2048,611,true],"post-thumbnail":["https:\/\/www.gamapa.de\/wp-content\/uploads\/2024\/12\/In-der-Region-verwurzelt-b.jpg",2560,764,false],"twentytwenty-fullscreen":["https:\/\/www.gamapa.de\/wp-content\/uploads\/2024\/12\/In-der-Region-verwurzelt-b.jpg",2560,764,false],"theme-slug-single-post":["https:\/\/www.gamapa.de\/wp-content\/uploads\/2024\/12\/In-der-Region-verwurzelt-b-1600x400.jpg",1600,400,true]},"uagb_author_info":{"display_name":"ninasenft","author_link":"https:\/\/www.gamapa.de\/fr\/author\/ninasenft\/"},"uagb_comment_info":0,"uagb_excerpt":"Notre engagement local Fond\u00e9 \u00e0 D\u00fcsseldorf, notre cabinet est profond\u00e9ment attach\u00e9 \u00e0 notre ville natale, tant sur le plan professionnel que social. C&rsquo;est pourquoi nous soutenons activement des projets, associations et institutions locaux et nous engageons en faveur du d\u00e9veloppement positif de notre ville. Voici quelques exemples de nos actions: Vos interlocuteurs: Japanese Desk Revenons\u2026","_links":{"self":[{"href":"https:\/\/www.gamapa.de\/fr\/wp-json\/wp\/v2\/pages\/23700","targetHints":{"allow":["GET"]}}],"collection":[{"href":"https:\/\/www.gamapa.de\/fr\/wp-json\/wp\/v2\/pages"}],"about":[{"href":"https:\/\/www.gamapa.de\/fr\/wp-json\/wp\/v2\/types\/page"}],"author":[{"embeddable":true,"href":"https:\/\/www.gamapa.de\/fr\/wp-json\/wp\/v2\/users\/11"}],"replies":[{"embeddable":true,"href":"https:\/\/www.gamapa.de\/fr\/wp-json\/wp\/v2\/comments?post=23700"}],"version-history":[{"count":5,"href":"https:\/\/www.gamapa.de\/fr\/wp-json\/wp\/v2\/pages\/23700\/revisions"}],"predecessor-version":[{"id":23711,"href":"https:\/\/www.gamapa.de\/fr\/wp-json\/wp\/v2\/pages\/23700\/revisions\/23711"}],"up":[{"embeddable":true,"href":"https:\/\/www.gamapa.de\/fr\/wp-json\/wp\/v2\/pages\/23595"}],"wp:featuredmedia":[{"embeddable":true,"href":"https:\/\/www.gamapa.de\/fr\/wp-json\/wp\/v2\/media\/17169"}],"wp:attachment":[{"href":"https:\/\/www.gamapa.de\/fr\/wp-json\/wp\/v2\/media?parent=23700"}],"curies":[{"name":"wp","href":"https:\/\/api.w.org\/{rel}","templated":true}]}}