

{"id":4774,"date":"2020-09-01T17:04:12","date_gmt":"2020-09-01T15:04:12","guid":{"rendered":"https:\/\/www.gamapa.de\/sven-dietrich-rechtsanwalt\/"},"modified":"2026-02-25T14:04:16","modified_gmt":"2026-02-25T13:04:16","slug":"sven-dietrich-avocat","status":"publish","type":"page","link":"https:\/\/www.gamapa.de\/fr\/conseillers\/sven-dietrich-avocat\/","title":{"rendered":"Sven Dietrich"},"content":{"rendered":"\n<h3 class=\"wp-block-heading\">Domaines de sp\u00e9cialisation<\/h3>\n\n\n\n<ul class=\"wp-block-list\">\n<li>Droit de la distribution<\/li>\n\n\n\n<li>Droit des assurances patrimoniales<\/li>\n\n\n\n<li>Droit immobilier\/droit des baux commerciaux<\/li>\n\n\n\n<li>R\u00e9daction de contrats<\/li>\n\n\n\n<li>Droit de l\u2019art<\/li>\n\n\n\n<li>Assistance juridique lors de proc\u00e8s<\/li>\n<\/ul>\n\n\n\n<h3 class=\"wp-block-heading\">Carri\u00e8re professionnelle<\/h3>\n\n\n\n<figure class=\"wp-block-table tablist\"><table><tbody><tr><td>1997-2001 <\/td><td>Universit\u00e9s de Bochum et de M\u00fcnster (WWU)<\/td><\/tr><tr><td>2002-2004<\/td><td>Stage juridique pr\u00e9paratoire \u00e0 M\u00fcnster\/Westf. et Francfort-sur-le-Main<\/td><\/tr><tr><td>2004-2005<\/td><td>Avocat chez Grooterhorst Rechtsanw\u00e4lte (actuellement: Eversheds Sutherland), D\u00fcsseldorf<\/td><\/tr><tr><td>depuis 2005<\/td><td>Avocat chez Dr. Gantef\u00fchrer, Marquardt &amp; Partner<\/td><\/tr><\/tbody><\/table><\/figure>\n\n\n\n<h3 class=\"wp-block-heading\">Secteurs<\/h3>\n\n\n\n<ul class=\"wp-block-list\">\n<li>Secteur de la mode<\/li>\n\n\n\n<li>Compagnies d&rsquo;assurance<\/li>\n\n\n\n<li>Soci\u00e9t\u00e9s immobili\u00e8res<\/li>\n\n\n\n<li>Secteur du fitness, en particulier les salles de sport<\/li>\n\n\n\n<li>Entreprises moyennes de divers secteurs<\/li>\n<\/ul>\n\n\n\n<h3 class=\"wp-block-heading\">Mandats s\u00e9lectionn\u00e9s<\/h3>\n\n\n\n<ul class=\"wp-block-list\">\n<li>Conseil juridique permanent d&rsquo;une grande compagnie d&rsquo;assurance d&rsquo;\u0153uvres d&rsquo;art en Allemagne dans le cadre du traitement des sinistres<\/li>\n\n\n\n<li>Accompagnement r\u00e9gulier des transactions immobili\u00e8res d&rsquo;un investisseur institutionnel<\/li>\n\n\n\n<li>Conseil d&rsquo;une grande cha\u00eene de salles de sport dans le cadre de ses acquisitions d&rsquo;entreprises (partie relative aux contrats de location\/due diligence)<\/li>\n\n\n\n<li>Conseil juridique continu en mati\u00e8re de droit locatif aupr\u00e8s de plusieurs cha\u00eenes de salles de sport<\/li>\n\n\n\n<li>Conseil en droit immobilier aupr\u00e8s de diff\u00e9rentes collectivit\u00e9s de droit public<\/li>\n<\/ul>\n\n\n\n\n\n<div class=\"wp-block-button zurueck\"><a class=\"wp-block-button__link wp-element-button\" href=\"https:\/\/www.gamapa.de\/fr\/conseillers\/\">retour<\/a><\/div>\n\n\n\n<p><\/p>\n","protected":false},"excerpt":{"rendered":"<p>Domaines de sp\u00e9cialisation Carri\u00e8re professionnelle 1997-2001 Universit\u00e9s de Bochum et de M\u00fcnster (WWU) 2002-2004 Stage juridique pr\u00e9paratoire \u00e0 M\u00fcnster\/Westf. et Francfort-sur-le-Main 2004-2005 Avocat chez Grooterhorst Rechtsanw\u00e4lte (actuellement: Eversheds Sutherland), D\u00fcsseldorf depuis 2005 Avocat chez Dr. Gantef\u00fchrer, Marquardt &amp; Partner Secteurs Mandats s\u00e9lectionn\u00e9s<\/p>\n","protected":false},"author":1,"featured_media":4027,"parent":4584,"menu_order":44,"comment_status":"closed","ping_status":"closed","template":"templates\/template-Profil.php","meta":{"_acf_changed":false,"_uag_custom_page_level_css":"","footnotes":""},"class_list":["post-4774","page","type-page","status-publish","has-post-thumbnail","hentry"],"acf":[],"yoast_head":"<!-- This site is optimized with the Yoast SEO plugin v27.3 - https:\/\/yoast.com\/product\/yoast-seo-wordpress\/ -->\n<title>Sven Dietrich - GANTEF\u00dcHRER<\/title>\n<meta name=\"robots\" content=\"index, follow, max-snippet:-1, max-image-preview:large, max-video-preview:-1\" \/>\n<link rel=\"canonical\" href=\"https:\/\/www.gamapa.de\/fr\/conseillers\/sven-dietrich-avocat\/\" \/>\n<meta property=\"og:locale\" content=\"fr_FR\" \/>\n<meta property=\"og:type\" content=\"article\" \/>\n<meta property=\"og:title\" content=\"Sven Dietrich - GANTEF\u00dcHRER\" \/>\n<meta property=\"og:description\" content=\"Domaines de sp\u00e9cialisation Carri\u00e8re professionnelle 1997-2001 Universit\u00e9s de Bochum et de M\u00fcnster (WWU) 2002-2004 Stage juridique pr\u00e9paratoire \u00e0 M\u00fcnster\/Westf. et Francfort-sur-le-Main 2004-2005 Avocat chez Grooterhorst Rechtsanw\u00e4lte (actuellement: Eversheds Sutherland), D\u00fcsseldorf depuis 2005 Avocat chez Dr. Gantef\u00fchrer, Marquardt &amp; Partner Secteurs Mandats s\u00e9lectionn\u00e9s\" \/>\n<meta property=\"og:url\" content=\"https:\/\/www.gamapa.de\/fr\/conseillers\/sven-dietrich-avocat\/\" \/>\n<meta property=\"og:site_name\" content=\"GANTEF\u00dcHRER\" \/>\n<meta property=\"article:modified_time\" content=\"2026-02-25T13:04:16+00:00\" \/>\n<meta property=\"og:image\" content=\"https:\/\/www.gamapa.de\/wp-content\/uploads\/2020\/08\/Dietrich-big.jpg\" \/>\n\t<meta property=\"og:image:width\" content=\"1440\" \/>\n\t<meta property=\"og:image:height\" content=\"859\" \/>\n\t<meta property=\"og:image:type\" content=\"image\/jpeg\" \/>\n<meta name=\"twitter:card\" content=\"summary_large_image\" \/>\n<meta name=\"twitter:label1\" content=\"Dur\u00e9e de lecture estim\u00e9e\" \/>\n\t<meta name=\"twitter:data1\" content=\"2 minutes\" \/>\n<script type=\"application\/ld+json\" class=\"yoast-schema-graph\">{\"@context\":\"https:\\\/\\\/schema.org\",\"@graph\":[{\"@type\":\"WebPage\",\"@id\":\"https:\\\/\\\/www.gamapa.de\\\/fr\\\/conseillers\\\/sven-dietrich-avocat\\\/\",\"url\":\"https:\\\/\\\/www.gamapa.de\\\/fr\\\/conseillers\\\/sven-dietrich-avocat\\\/\",\"name\":\"Sven Dietrich - GANTEF\u00dcHRER\",\"isPartOf\":{\"@id\":\"https:\\\/\\\/www.gamapa.de\\\/fr\\\/#website\"},\"primaryImageOfPage\":{\"@id\":\"https:\\\/\\\/www.gamapa.de\\\/fr\\\/conseillers\\\/sven-dietrich-avocat\\\/#primaryimage\"},\"image\":{\"@id\":\"https:\\\/\\\/www.gamapa.de\\\/fr\\\/conseillers\\\/sven-dietrich-avocat\\\/#primaryimage\"},\"thumbnailUrl\":\"https:\\\/\\\/www.gamapa.de\\\/wp-content\\\/uploads\\\/2020\\\/08\\\/Dietrich-big.jpg\",\"datePublished\":\"2020-09-01T15:04:12+00:00\",\"dateModified\":\"2026-02-25T13:04:16+00:00\",\"breadcrumb\":{\"@id\":\"https:\\\/\\\/www.gamapa.de\\\/fr\\\/conseillers\\\/sven-dietrich-avocat\\\/#breadcrumb\"},\"inLanguage\":\"fr-FR\",\"potentialAction\":[{\"@type\":\"ReadAction\",\"target\":[\"https:\\\/\\\/www.gamapa.de\\\/fr\\\/conseillers\\\/sven-dietrich-avocat\\\/\"]}]},{\"@type\":\"ImageObject\",\"inLanguage\":\"fr-FR\",\"@id\":\"https:\\\/\\\/www.gamapa.de\\\/fr\\\/conseillers\\\/sven-dietrich-avocat\\\/#primaryimage\",\"url\":\"https:\\\/\\\/www.gamapa.de\\\/wp-content\\\/uploads\\\/2020\\\/08\\\/Dietrich-big.jpg\",\"contentUrl\":\"https:\\\/\\\/www.gamapa.de\\\/wp-content\\\/uploads\\\/2020\\\/08\\\/Dietrich-big.jpg\",\"width\":1440,\"height\":859,\"caption\":\"Dietrich, Sven, Sven Dietrich, Rechtsanwalt, Counsel\"},{\"@type\":\"BreadcrumbList\",\"@id\":\"https:\\\/\\\/www.gamapa.de\\\/fr\\\/conseillers\\\/sven-dietrich-avocat\\\/#breadcrumb\",\"itemListElement\":[{\"@type\":\"ListItem\",\"position\":1,\"name\":\"Startseite\",\"item\":\"https:\\\/\\\/www.gamapa.de\\\/fr\\\/\"},{\"@type\":\"ListItem\",\"position\":2,\"name\":\"Conseillers\",\"item\":\"https:\\\/\\\/www.gamapa.de\\\/fr\\\/conseillers\\\/\"},{\"@type\":\"ListItem\",\"position\":3,\"name\":\"Sven Dietrich\"}]},{\"@type\":\"WebSite\",\"@id\":\"https:\\\/\\\/www.gamapa.de\\\/fr\\\/#website\",\"url\":\"https:\\\/\\\/www.gamapa.de\\\/fr\\\/\",\"name\":\"GANTEF\u00dcHRER\",\"description\":\"Wirtschaftspr\u00fcfer, Steuerberater, Rechtsanw\u00e4lte\",\"publisher\":{\"@id\":\"https:\\\/\\\/www.gamapa.de\\\/fr\\\/#organization\"},\"potentialAction\":[{\"@type\":\"SearchAction\",\"target\":{\"@type\":\"EntryPoint\",\"urlTemplate\":\"https:\\\/\\\/www.gamapa.de\\\/fr\\\/?s={search_term_string}\"},\"query-input\":{\"@type\":\"PropertyValueSpecification\",\"valueRequired\":true,\"valueName\":\"search_term_string\"}}],\"inLanguage\":\"fr-FR\"},{\"@type\":\"Organization\",\"@id\":\"https:\\\/\\\/www.gamapa.de\\\/fr\\\/#organization\",\"name\":\"Gantef\u00fchrer Wirtschaftspr\u00fcfer, Steuerberater, Rechtsanw\u00e4lte\",\"url\":\"https:\\\/\\\/www.gamapa.de\\\/fr\\\/\",\"logo\":{\"@type\":\"ImageObject\",\"inLanguage\":\"fr-FR\",\"@id\":\"https:\\\/\\\/www.gamapa.de\\\/fr\\\/#\\\/schema\\\/logo\\\/image\\\/\",\"url\":\"https:\\\/\\\/www.gamapa.de\\\/wp-content\\\/uploads\\\/2026\\\/01\\\/Logo-Gantefuehrer.png\",\"contentUrl\":\"https:\\\/\\\/www.gamapa.de\\\/wp-content\\\/uploads\\\/2026\\\/01\\\/Logo-Gantefuehrer.png\",\"width\":767,\"height\":156,\"caption\":\"Gantef\u00fchrer Wirtschaftspr\u00fcfer, Steuerberater, Rechtsanw\u00e4lte\"},\"image\":{\"@id\":\"https:\\\/\\\/www.gamapa.de\\\/fr\\\/#\\\/schema\\\/logo\\\/image\\\/\"}}]}<\/script>\n<!-- \/ Yoast SEO plugin. -->","yoast_head_json":{"title":"Sven Dietrich - GANTEF\u00dcHRER","robots":{"index":"index","follow":"follow","max-snippet":"max-snippet:-1","max-image-preview":"max-image-preview:large","max-video-preview":"max-video-preview:-1"},"canonical":"https:\/\/www.gamapa.de\/fr\/conseillers\/sven-dietrich-avocat\/","og_locale":"fr_FR","og_type":"article","og_title":"Sven Dietrich - GANTEF\u00dcHRER","og_description":"Domaines de sp\u00e9cialisation Carri\u00e8re professionnelle 1997-2001 Universit\u00e9s de Bochum et de M\u00fcnster (WWU) 2002-2004 Stage juridique pr\u00e9paratoire \u00e0 M\u00fcnster\/Westf. et Francfort-sur-le-Main 2004-2005 Avocat chez Grooterhorst Rechtsanw\u00e4lte (actuellement: Eversheds Sutherland), D\u00fcsseldorf depuis 2005 Avocat chez Dr. Gantef\u00fchrer, Marquardt &amp; Partner Secteurs Mandats s\u00e9lectionn\u00e9s","og_url":"https:\/\/www.gamapa.de\/fr\/conseillers\/sven-dietrich-avocat\/","og_site_name":"GANTEF\u00dcHRER","article_modified_time":"2026-02-25T13:04:16+00:00","og_image":[{"width":1440,"height":859,"url":"https:\/\/www.gamapa.de\/wp-content\/uploads\/2020\/08\/Dietrich-big.jpg","type":"image\/jpeg"}],"twitter_card":"summary_large_image","twitter_misc":{"Dur\u00e9e de lecture estim\u00e9e":"2 minutes"},"schema":{"@context":"https:\/\/schema.org","@graph":[{"@type":"WebPage","@id":"https:\/\/www.gamapa.de\/fr\/conseillers\/sven-dietrich-avocat\/","url":"https:\/\/www.gamapa.de\/fr\/conseillers\/sven-dietrich-avocat\/","name":"Sven Dietrich - GANTEF\u00dcHRER","isPartOf":{"@id":"https:\/\/www.gamapa.de\/fr\/#website"},"primaryImageOfPage":{"@id":"https:\/\/www.gamapa.de\/fr\/conseillers\/sven-dietrich-avocat\/#primaryimage"},"image":{"@id":"https:\/\/www.gamapa.de\/fr\/conseillers\/sven-dietrich-avocat\/#primaryimage"},"thumbnailUrl":"https:\/\/www.gamapa.de\/wp-content\/uploads\/2020\/08\/Dietrich-big.jpg","datePublished":"2020-09-01T15:04:12+00:00","dateModified":"2026-02-25T13:04:16+00:00","breadcrumb":{"@id":"https:\/\/www.gamapa.de\/fr\/conseillers\/sven-dietrich-avocat\/#breadcrumb"},"inLanguage":"fr-FR","potentialAction":[{"@type":"ReadAction","target":["https:\/\/www.gamapa.de\/fr\/conseillers\/sven-dietrich-avocat\/"]}]},{"@type":"ImageObject","inLanguage":"fr-FR","@id":"https:\/\/www.gamapa.de\/fr\/conseillers\/sven-dietrich-avocat\/#primaryimage","url":"https:\/\/www.gamapa.de\/wp-content\/uploads\/2020\/08\/Dietrich-big.jpg","contentUrl":"https:\/\/www.gamapa.de\/wp-content\/uploads\/2020\/08\/Dietrich-big.jpg","width":1440,"height":859,"caption":"Dietrich, Sven, Sven Dietrich, Rechtsanwalt, Counsel"},{"@type":"BreadcrumbList","@id":"https:\/\/www.gamapa.de\/fr\/conseillers\/sven-dietrich-avocat\/#breadcrumb","itemListElement":[{"@type":"ListItem","position":1,"name":"Startseite","item":"https:\/\/www.gamapa.de\/fr\/"},{"@type":"ListItem","position":2,"name":"Conseillers","item":"https:\/\/www.gamapa.de\/fr\/conseillers\/"},{"@type":"ListItem","position":3,"name":"Sven Dietrich"}]},{"@type":"WebSite","@id":"https:\/\/www.gamapa.de\/fr\/#website","url":"https:\/\/www.gamapa.de\/fr\/","name":"GANTEF\u00dcHRER","description":"Wirtschaftspr\u00fcfer, Steuerberater, Rechtsanw\u00e4lte","publisher":{"@id":"https:\/\/www.gamapa.de\/fr\/#organization"},"potentialAction":[{"@type":"SearchAction","target":{"@type":"EntryPoint","urlTemplate":"https:\/\/www.gamapa.de\/fr\/?s={search_term_string}"},"query-input":{"@type":"PropertyValueSpecification","valueRequired":true,"valueName":"search_term_string"}}],"inLanguage":"fr-FR"},{"@type":"Organization","@id":"https:\/\/www.gamapa.de\/fr\/#organization","name":"Gantef\u00fchrer Wirtschaftspr\u00fcfer, Steuerberater, Rechtsanw\u00e4lte","url":"https:\/\/www.gamapa.de\/fr\/","logo":{"@type":"ImageObject","inLanguage":"fr-FR","@id":"https:\/\/www.gamapa.de\/fr\/#\/schema\/logo\/image\/","url":"https:\/\/www.gamapa.de\/wp-content\/uploads\/2026\/01\/Logo-Gantefuehrer.png","contentUrl":"https:\/\/www.gamapa.de\/wp-content\/uploads\/2026\/01\/Logo-Gantefuehrer.png","width":767,"height":156,"caption":"Gantef\u00fchrer Wirtschaftspr\u00fcfer, Steuerberater, Rechtsanw\u00e4lte"},"image":{"@id":"https:\/\/www.gamapa.de\/fr\/#\/schema\/logo\/image\/"}}]}},"uagb_featured_image_src":{"full":["https:\/\/www.gamapa.de\/wp-content\/uploads\/2020\/08\/Dietrich-big.jpg",1440,859,false],"thumbnail":["https:\/\/www.gamapa.de\/wp-content\/uploads\/2020\/08\/Dietrich-big-150x150.jpg",150,150,true],"medium":["https:\/\/www.gamapa.de\/wp-content\/uploads\/2020\/08\/Dietrich-big-600x358.jpg",600,358,true],"medium_large":["https:\/\/www.gamapa.de\/wp-content\/uploads\/2020\/08\/Dietrich-big-768x458.jpg",580,346,true],"large":["https:\/\/www.gamapa.de\/wp-content\/uploads\/2020\/08\/Dietrich-big.jpg",580,346,false],"gs-tiny":["https:\/\/www.gamapa.de\/wp-content\/uploads\/2020\/08\/Dietrich-big.jpg",50,30,false],"xl":["https:\/\/www.gamapa.de\/wp-content\/uploads\/2020\/08\/Dietrich-big.jpg",1440,859,false],"xxl":["https:\/\/www.gamapa.de\/wp-content\/uploads\/2020\/08\/Dietrich-big.jpg",1440,859,false],"xxxl":["https:\/\/www.gamapa.de\/wp-content\/uploads\/2020\/08\/Dietrich-big.jpg",1440,859,false],"xxxxl":["https:\/\/www.gamapa.de\/wp-content\/uploads\/2020\/08\/Dietrich-big.jpg",1440,859,false],"xxxxxl":["https:\/\/www.gamapa.de\/wp-content\/uploads\/2020\/08\/Dietrich-big.jpg",1440,859,false],"1536x1536":["https:\/\/www.gamapa.de\/wp-content\/uploads\/2020\/08\/Dietrich-big.jpg",1440,859,false],"2048x2048":["https:\/\/www.gamapa.de\/wp-content\/uploads\/2020\/08\/Dietrich-big.jpg",1440,859,false],"post-thumbnail":["https:\/\/www.gamapa.de\/wp-content\/uploads\/2020\/08\/Dietrich-big.jpg",1440,859,false],"twentytwenty-fullscreen":["https:\/\/www.gamapa.de\/wp-content\/uploads\/2020\/08\/Dietrich-big.jpg",1440,859,false],"theme-slug-single-post":["https:\/\/www.gamapa.de\/wp-content\/uploads\/2020\/08\/Dietrich-big-1440x400.jpg",1440,400,true]},"uagb_author_info":{"display_name":"linda","author_link":"https:\/\/www.gamapa.de\/fr\/author\/linda\/"},"uagb_comment_info":0,"uagb_excerpt":"Domaines de sp\u00e9cialisation Carri\u00e8re professionnelle 1997-2001 Universit\u00e9s de Bochum et de M\u00fcnster (WWU) 2002-2004 Stage juridique pr\u00e9paratoire \u00e0 M\u00fcnster\/Westf. et Francfort-sur-le-Main 2004-2005 Avocat chez Grooterhorst Rechtsanw\u00e4lte (actuellement: Eversheds Sutherland), D\u00fcsseldorf depuis 2005 Avocat chez Dr. Gantef\u00fchrer, Marquardt &amp; Partner Secteurs Mandats s\u00e9lectionn\u00e9s","_links":{"self":[{"href":"https:\/\/www.gamapa.de\/fr\/wp-json\/wp\/v2\/pages\/4774","targetHints":{"allow":["GET"]}}],"collection":[{"href":"https:\/\/www.gamapa.de\/fr\/wp-json\/wp\/v2\/pages"}],"about":[{"href":"https:\/\/www.gamapa.de\/fr\/wp-json\/wp\/v2\/types\/page"}],"author":[{"embeddable":true,"href":"https:\/\/www.gamapa.de\/fr\/wp-json\/wp\/v2\/users\/1"}],"replies":[{"embeddable":true,"href":"https:\/\/www.gamapa.de\/fr\/wp-json\/wp\/v2\/comments?post=4774"}],"version-history":[{"count":12,"href":"https:\/\/www.gamapa.de\/fr\/wp-json\/wp\/v2\/pages\/4774\/revisions"}],"predecessor-version":[{"id":24388,"href":"https:\/\/www.gamapa.de\/fr\/wp-json\/wp\/v2\/pages\/4774\/revisions\/24388"}],"up":[{"embeddable":true,"href":"https:\/\/www.gamapa.de\/fr\/wp-json\/wp\/v2\/pages\/4584"}],"wp:featuredmedia":[{"embeddable":true,"href":"https:\/\/www.gamapa.de\/fr\/wp-json\/wp\/v2\/media\/4027"}],"wp:attachment":[{"href":"https:\/\/www.gamapa.de\/fr\/wp-json\/wp\/v2\/media?parent=4774"}],"curies":[{"name":"wp","href":"https:\/\/api.w.org\/{rel}","templated":true}]}}