

{"id":4908,"date":"2020-09-02T16:06:42","date_gmt":"2020-09-02T14:06:42","guid":{"rendered":"https:\/\/www.gamapa.de\/eva-tuebing-dipl-kff-steuerberaterin\/"},"modified":"2025-11-06T14:21:25","modified_gmt":"2025-11-06T13:21:25","slug":"eva-schmitz-dipl-kff-conseillere-fiscale","status":"publish","type":"page","link":"https:\/\/www.gamapa.de\/fr\/conseillers\/eva-schmitz-dipl-kff-conseillere-fiscale\/","title":{"rendered":"Eva Schmitz"},"content":{"rendered":"\n<h3 class=\"wp-block-heading\">Domaines de sp\u00e9cialisation<\/h3>\n\n\n\n<ul class=\"wp-block-list\">\n<li>Etablissement des comptes sociaux annuels, des bilans fiscaux et des d\u00e9clarations fiscales de soci\u00e9t\u00e9s<\/li>\n\n\n\n<li>Conseil en restructuration fiscale<\/li>\n\n\n\n<li>Assistance pour les questions fiscales dans le domaine du droit des faillites<\/li>\n\n\n\n<li>Etablissement des d\u00e9clarations fiscales pour les personnes physiques<\/li>\n\n\n\n<li>Conseil dans le domaine de l\u2019imp\u00f4t sur les successions et les donations<\/li>\n\n\n\n<li>Assistance dans le cadre des contr\u00f4les fiscaux, prise en charge des proc\u00e9dures de recours judiciaires et extra-judiciaires<\/li>\n\n\n\n<li>M\u00e9diation<\/li>\n<\/ul>\n\n\n\n<h3 class=\"wp-block-heading\">Carri\u00e8re professionnelle<\/h3>\n\n\n\n<figure class=\"wp-block-table tablist\"><table><tbody><tr><td>2001-2004 <\/td><td>Formation professionnelle au poste d\u2019assistante de conseiller fiscal<\/td><\/tr><tr><td>2004-2009<\/td><td>Etudes de gestion \u00e0 la Westf\u00e4lische Wilhelms-Universit\u00e4t, M\u00fcnster<\/td><\/tr><tr><td>2009-2013<\/td><td>Assistante fiscale au sein du Cabinet Dr. Gantef\u00fchrer, Marquardt und Partner<\/td><\/tr><tr><td>2013<\/td><td>Obtention du dipl\u00f4me de conseill\u00e8re fiscale<\/td><\/tr><tr><td>depuis 2013<\/td><td>Conseill\u00e8re fiscale au sein du Cabinet Dr. Gantef\u00fchrer, Marquardt &amp; Partner<\/td><\/tr><tr><td>2022<\/td><td>M\u00e9diatrice certifi\u00e9e<\/td><\/tr><\/tbody><\/table><\/figure>\n\n\n\n<h3 class=\"wp-block-heading\">Secteurs<\/h3>\n\n\n\n<ul class=\"wp-block-list\">\n<li>Entreprises de taille moyenne de divers secteurs<\/li>\n\n\n\n<li>Particuliers fortun\u00e9s<\/li>\n\n\n\n<li>Fondations d&rsquo;utilit\u00e9 publique et fondations familiales<\/li>\n\n\n\n<li>M\u00e9decins\/Sant\u00e9 publique<\/li>\n<\/ul>\n\n\n\n\n\n<div class=\"wp-block-button zurueck\"><a class=\"wp-block-button__link wp-element-button\" href=\"https:\/\/www.gamapa.de\/fr\/conseillers\/\">Retour<\/a><\/div>\n\n\n\n<p><\/p>\n","protected":false},"excerpt":{"rendered":"<p>Domaines de sp\u00e9cialisation Carri\u00e8re professionnelle 2001-2004 Formation professionnelle au poste d\u2019assistante de conseiller fiscal 2004-2009 Etudes de gestion \u00e0 la Westf\u00e4lische Wilhelms-Universit\u00e4t, M\u00fcnster 2009-2013 Assistante fiscale au sein du Cabinet Dr. Gantef\u00fchrer, Marquardt und Partner 2013 Obtention du dipl\u00f4me de conseill\u00e8re fiscale depuis 2013 Conseill\u00e8re fiscale au sein du Cabinet Dr. Gantef\u00fchrer, Marquardt &amp; Partner <a href=\"https:\/\/www.gamapa.de\/fr\/conseillers\/eva-schmitz-dipl-kff-conseillere-fiscale\/\">[\u2026]<\/a><\/p>\n","protected":false},"author":1,"featured_media":12291,"parent":4584,"menu_order":11,"comment_status":"closed","ping_status":"closed","template":"templates\/template-Profil.php","meta":{"_acf_changed":false,"_uag_custom_page_level_css":"","footnotes":""},"class_list":["post-4908","page","type-page","status-publish","has-post-thumbnail","hentry"],"acf":[],"yoast_head":"<!-- This site is optimized with the Yoast SEO plugin v27.5 - https:\/\/yoast.com\/product\/yoast-seo-wordpress\/ -->\n<title>Eva Schmitz - GANTEF\u00dcHRER<\/title>\n<meta name=\"robots\" content=\"index, follow, max-snippet:-1, max-image-preview:large, max-video-preview:-1\" \/>\n<link rel=\"canonical\" href=\"https:\/\/www.gamapa.de\/fr\/conseillers\/eva-schmitz-dipl-kff-conseillere-fiscale\/\" \/>\n<meta property=\"og:locale\" content=\"fr_FR\" \/>\n<meta property=\"og:type\" content=\"article\" \/>\n<meta property=\"og:title\" content=\"Eva Schmitz - GANTEF\u00dcHRER\" \/>\n<meta property=\"og:description\" content=\"Domaines de sp\u00e9cialisation Carri\u00e8re professionnelle 2001-2004 Formation professionnelle au poste d\u2019assistante de conseiller fiscal 2004-2009 Etudes de gestion \u00e0 la Westf\u00e4lische Wilhelms-Universit\u00e4t, M\u00fcnster 2009-2013 Assistante fiscale au sein du Cabinet Dr. Gantef\u00fchrer, Marquardt und Partner 2013 Obtention du dipl\u00f4me de conseill\u00e8re fiscale depuis 2013 Conseill\u00e8re fiscale au sein du Cabinet Dr. Gantef\u00fchrer, Marquardt &amp; Partner [\u2026]\" \/>\n<meta property=\"og:url\" content=\"https:\/\/www.gamapa.de\/fr\/conseillers\/eva-schmitz-dipl-kff-conseillere-fiscale\/\" \/>\n<meta property=\"og:site_name\" content=\"GANTEF\u00dcHRER\" \/>\n<meta property=\"article:modified_time\" content=\"2025-11-06T13:21:25+00:00\" \/>\n<meta property=\"og:image\" content=\"https:\/\/www.gamapa.de\/wp-content\/uploads\/2022\/02\/Schmitz_2.jpg\" \/>\n\t<meta property=\"og:image:width\" content=\"1440\" \/>\n\t<meta property=\"og:image:height\" content=\"859\" \/>\n\t<meta property=\"og:image:type\" content=\"image\/jpeg\" \/>\n<meta name=\"twitter:card\" content=\"summary_large_image\" \/>\n<meta name=\"twitter:label1\" content=\"Dur\u00e9e de lecture estim\u00e9e\" \/>\n\t<meta name=\"twitter:data1\" content=\"2 minutes\" \/>\n<script type=\"application\/ld+json\" class=\"yoast-schema-graph\">{\"@context\":\"https:\\\/\\\/schema.org\",\"@graph\":[{\"@type\":\"WebPage\",\"@id\":\"https:\\\/\\\/www.gamapa.de\\\/fr\\\/conseillers\\\/eva-schmitz-dipl-kff-conseillere-fiscale\\\/\",\"url\":\"https:\\\/\\\/www.gamapa.de\\\/fr\\\/conseillers\\\/eva-schmitz-dipl-kff-conseillere-fiscale\\\/\",\"name\":\"Eva Schmitz - GANTEF\u00dcHRER\",\"isPartOf\":{\"@id\":\"https:\\\/\\\/www.gamapa.de\\\/fr\\\/#website\"},\"primaryImageOfPage\":{\"@id\":\"https:\\\/\\\/www.gamapa.de\\\/fr\\\/conseillers\\\/eva-schmitz-dipl-kff-conseillere-fiscale\\\/#primaryimage\"},\"image\":{\"@id\":\"https:\\\/\\\/www.gamapa.de\\\/fr\\\/conseillers\\\/eva-schmitz-dipl-kff-conseillere-fiscale\\\/#primaryimage\"},\"thumbnailUrl\":\"https:\\\/\\\/www.gamapa.de\\\/wp-content\\\/uploads\\\/2022\\\/02\\\/Schmitz_2.jpg\",\"datePublished\":\"2020-09-02T14:06:42+00:00\",\"dateModified\":\"2025-11-06T13:21:25+00:00\",\"breadcrumb\":{\"@id\":\"https:\\\/\\\/www.gamapa.de\\\/fr\\\/conseillers\\\/eva-schmitz-dipl-kff-conseillere-fiscale\\\/#breadcrumb\"},\"inLanguage\":\"fr-FR\",\"potentialAction\":[{\"@type\":\"ReadAction\",\"target\":[\"https:\\\/\\\/www.gamapa.de\\\/fr\\\/conseillers\\\/eva-schmitz-dipl-kff-conseillere-fiscale\\\/\"]}]},{\"@type\":\"ImageObject\",\"inLanguage\":\"fr-FR\",\"@id\":\"https:\\\/\\\/www.gamapa.de\\\/fr\\\/conseillers\\\/eva-schmitz-dipl-kff-conseillere-fiscale\\\/#primaryimage\",\"url\":\"https:\\\/\\\/www.gamapa.de\\\/wp-content\\\/uploads\\\/2022\\\/02\\\/Schmitz_2.jpg\",\"contentUrl\":\"https:\\\/\\\/www.gamapa.de\\\/wp-content\\\/uploads\\\/2022\\\/02\\\/Schmitz_2.jpg\",\"width\":1440,\"height\":859,\"caption\":\"Eva Schmitz, Dipl. Kff., Steuerberaterin\"},{\"@type\":\"BreadcrumbList\",\"@id\":\"https:\\\/\\\/www.gamapa.de\\\/fr\\\/conseillers\\\/eva-schmitz-dipl-kff-conseillere-fiscale\\\/#breadcrumb\",\"itemListElement\":[{\"@type\":\"ListItem\",\"position\":1,\"name\":\"Startseite\",\"item\":\"https:\\\/\\\/www.gamapa.de\\\/fr\\\/\"},{\"@type\":\"ListItem\",\"position\":2,\"name\":\"Conseillers\",\"item\":\"https:\\\/\\\/www.gamapa.de\\\/fr\\\/conseillers\\\/\"},{\"@type\":\"ListItem\",\"position\":3,\"name\":\"Eva Schmitz\"}]},{\"@type\":\"WebSite\",\"@id\":\"https:\\\/\\\/www.gamapa.de\\\/fr\\\/#website\",\"url\":\"https:\\\/\\\/www.gamapa.de\\\/fr\\\/\",\"name\":\"GANTEF\u00dcHRER\",\"description\":\"Wirtschaftspr\u00fcfer, Steuerberater, Rechtsanw\u00e4lte\",\"publisher\":{\"@id\":\"https:\\\/\\\/www.gamapa.de\\\/fr\\\/#organization\"},\"potentialAction\":[{\"@type\":\"SearchAction\",\"target\":{\"@type\":\"EntryPoint\",\"urlTemplate\":\"https:\\\/\\\/www.gamapa.de\\\/fr\\\/?s={search_term_string}\"},\"query-input\":{\"@type\":\"PropertyValueSpecification\",\"valueRequired\":true,\"valueName\":\"search_term_string\"}}],\"inLanguage\":\"fr-FR\"},{\"@type\":\"Organization\",\"@id\":\"https:\\\/\\\/www.gamapa.de\\\/fr\\\/#organization\",\"name\":\"Gantef\u00fchrer Wirtschaftspr\u00fcfer, Steuerberater, Rechtsanw\u00e4lte\",\"url\":\"https:\\\/\\\/www.gamapa.de\\\/fr\\\/\",\"logo\":{\"@type\":\"ImageObject\",\"inLanguage\":\"fr-FR\",\"@id\":\"https:\\\/\\\/www.gamapa.de\\\/fr\\\/#\\\/schema\\\/logo\\\/image\\\/\",\"url\":\"https:\\\/\\\/www.gamapa.de\\\/wp-content\\\/uploads\\\/2026\\\/01\\\/Logo-Gantefuehrer.png\",\"contentUrl\":\"https:\\\/\\\/www.gamapa.de\\\/wp-content\\\/uploads\\\/2026\\\/01\\\/Logo-Gantefuehrer.png\",\"width\":767,\"height\":156,\"caption\":\"Gantef\u00fchrer Wirtschaftspr\u00fcfer, Steuerberater, Rechtsanw\u00e4lte\"},\"image\":{\"@id\":\"https:\\\/\\\/www.gamapa.de\\\/fr\\\/#\\\/schema\\\/logo\\\/image\\\/\"}}]}<\/script>\n<!-- \/ Yoast SEO plugin. -->","yoast_head_json":{"title":"Eva Schmitz - GANTEF\u00dcHRER","robots":{"index":"index","follow":"follow","max-snippet":"max-snippet:-1","max-image-preview":"max-image-preview:large","max-video-preview":"max-video-preview:-1"},"canonical":"https:\/\/www.gamapa.de\/fr\/conseillers\/eva-schmitz-dipl-kff-conseillere-fiscale\/","og_locale":"fr_FR","og_type":"article","og_title":"Eva Schmitz - GANTEF\u00dcHRER","og_description":"Domaines de sp\u00e9cialisation Carri\u00e8re professionnelle 2001-2004 Formation professionnelle au poste d\u2019assistante de conseiller fiscal 2004-2009 Etudes de gestion \u00e0 la Westf\u00e4lische Wilhelms-Universit\u00e4t, M\u00fcnster 2009-2013 Assistante fiscale au sein du Cabinet Dr. Gantef\u00fchrer, Marquardt und Partner 2013 Obtention du dipl\u00f4me de conseill\u00e8re fiscale depuis 2013 Conseill\u00e8re fiscale au sein du Cabinet Dr. Gantef\u00fchrer, Marquardt &amp; Partner [\u2026]","og_url":"https:\/\/www.gamapa.de\/fr\/conseillers\/eva-schmitz-dipl-kff-conseillere-fiscale\/","og_site_name":"GANTEF\u00dcHRER","article_modified_time":"2025-11-06T13:21:25+00:00","og_image":[{"width":1440,"height":859,"url":"https:\/\/www.gamapa.de\/wp-content\/uploads\/2022\/02\/Schmitz_2.jpg","type":"image\/jpeg"}],"twitter_card":"summary_large_image","twitter_misc":{"Dur\u00e9e de lecture estim\u00e9e":"2 minutes"},"schema":{"@context":"https:\/\/schema.org","@graph":[{"@type":"WebPage","@id":"https:\/\/www.gamapa.de\/fr\/conseillers\/eva-schmitz-dipl-kff-conseillere-fiscale\/","url":"https:\/\/www.gamapa.de\/fr\/conseillers\/eva-schmitz-dipl-kff-conseillere-fiscale\/","name":"Eva Schmitz - GANTEF\u00dcHRER","isPartOf":{"@id":"https:\/\/www.gamapa.de\/fr\/#website"},"primaryImageOfPage":{"@id":"https:\/\/www.gamapa.de\/fr\/conseillers\/eva-schmitz-dipl-kff-conseillere-fiscale\/#primaryimage"},"image":{"@id":"https:\/\/www.gamapa.de\/fr\/conseillers\/eva-schmitz-dipl-kff-conseillere-fiscale\/#primaryimage"},"thumbnailUrl":"https:\/\/www.gamapa.de\/wp-content\/uploads\/2022\/02\/Schmitz_2.jpg","datePublished":"2020-09-02T14:06:42+00:00","dateModified":"2025-11-06T13:21:25+00:00","breadcrumb":{"@id":"https:\/\/www.gamapa.de\/fr\/conseillers\/eva-schmitz-dipl-kff-conseillere-fiscale\/#breadcrumb"},"inLanguage":"fr-FR","potentialAction":[{"@type":"ReadAction","target":["https:\/\/www.gamapa.de\/fr\/conseillers\/eva-schmitz-dipl-kff-conseillere-fiscale\/"]}]},{"@type":"ImageObject","inLanguage":"fr-FR","@id":"https:\/\/www.gamapa.de\/fr\/conseillers\/eva-schmitz-dipl-kff-conseillere-fiscale\/#primaryimage","url":"https:\/\/www.gamapa.de\/wp-content\/uploads\/2022\/02\/Schmitz_2.jpg","contentUrl":"https:\/\/www.gamapa.de\/wp-content\/uploads\/2022\/02\/Schmitz_2.jpg","width":1440,"height":859,"caption":"Eva Schmitz, Dipl. Kff., Steuerberaterin"},{"@type":"BreadcrumbList","@id":"https:\/\/www.gamapa.de\/fr\/conseillers\/eva-schmitz-dipl-kff-conseillere-fiscale\/#breadcrumb","itemListElement":[{"@type":"ListItem","position":1,"name":"Startseite","item":"https:\/\/www.gamapa.de\/fr\/"},{"@type":"ListItem","position":2,"name":"Conseillers","item":"https:\/\/www.gamapa.de\/fr\/conseillers\/"},{"@type":"ListItem","position":3,"name":"Eva Schmitz"}]},{"@type":"WebSite","@id":"https:\/\/www.gamapa.de\/fr\/#website","url":"https:\/\/www.gamapa.de\/fr\/","name":"GANTEF\u00dcHRER","description":"Wirtschaftspr\u00fcfer, Steuerberater, Rechtsanw\u00e4lte","publisher":{"@id":"https:\/\/www.gamapa.de\/fr\/#organization"},"potentialAction":[{"@type":"SearchAction","target":{"@type":"EntryPoint","urlTemplate":"https:\/\/www.gamapa.de\/fr\/?s={search_term_string}"},"query-input":{"@type":"PropertyValueSpecification","valueRequired":true,"valueName":"search_term_string"}}],"inLanguage":"fr-FR"},{"@type":"Organization","@id":"https:\/\/www.gamapa.de\/fr\/#organization","name":"Gantef\u00fchrer Wirtschaftspr\u00fcfer, Steuerberater, Rechtsanw\u00e4lte","url":"https:\/\/www.gamapa.de\/fr\/","logo":{"@type":"ImageObject","inLanguage":"fr-FR","@id":"https:\/\/www.gamapa.de\/fr\/#\/schema\/logo\/image\/","url":"https:\/\/www.gamapa.de\/wp-content\/uploads\/2026\/01\/Logo-Gantefuehrer.png","contentUrl":"https:\/\/www.gamapa.de\/wp-content\/uploads\/2026\/01\/Logo-Gantefuehrer.png","width":767,"height":156,"caption":"Gantef\u00fchrer Wirtschaftspr\u00fcfer, Steuerberater, Rechtsanw\u00e4lte"},"image":{"@id":"https:\/\/www.gamapa.de\/fr\/#\/schema\/logo\/image\/"}}]}},"uagb_featured_image_src":{"full":["https:\/\/www.gamapa.de\/wp-content\/uploads\/2022\/02\/Schmitz_2.jpg",1440,859,false],"thumbnail":["https:\/\/www.gamapa.de\/wp-content\/uploads\/2022\/02\/Schmitz_2-150x150.jpg",150,150,true],"medium":["https:\/\/www.gamapa.de\/wp-content\/uploads\/2022\/02\/Schmitz_2-600x358.jpg",600,358,true],"medium_large":["https:\/\/www.gamapa.de\/wp-content\/uploads\/2022\/02\/Schmitz_2-768x458.jpg",580,346,true],"large":["https:\/\/www.gamapa.de\/wp-content\/uploads\/2022\/02\/Schmitz_2.jpg",580,346,false],"gs-tiny":["https:\/\/www.gamapa.de\/wp-content\/uploads\/2022\/02\/Schmitz_2.jpg",50,30,false],"xl":["https:\/\/www.gamapa.de\/wp-content\/uploads\/2022\/02\/Schmitz_2.jpg",1440,859,false],"xxl":["https:\/\/www.gamapa.de\/wp-content\/uploads\/2022\/02\/Schmitz_2.jpg",1440,859,false],"xxxl":["https:\/\/www.gamapa.de\/wp-content\/uploads\/2022\/02\/Schmitz_2.jpg",1440,859,false],"xxxxl":["https:\/\/www.gamapa.de\/wp-content\/uploads\/2022\/02\/Schmitz_2.jpg",1440,859,false],"xxxxxl":["https:\/\/www.gamapa.de\/wp-content\/uploads\/2022\/02\/Schmitz_2.jpg",1440,859,false],"1536x1536":["https:\/\/www.gamapa.de\/wp-content\/uploads\/2022\/02\/Schmitz_2.jpg",1440,859,false],"2048x2048":["https:\/\/www.gamapa.de\/wp-content\/uploads\/2022\/02\/Schmitz_2.jpg",1440,859,false],"post-thumbnail":["https:\/\/www.gamapa.de\/wp-content\/uploads\/2022\/02\/Schmitz_2.jpg",1440,859,false],"twentytwenty-fullscreen":["https:\/\/www.gamapa.de\/wp-content\/uploads\/2022\/02\/Schmitz_2.jpg",1440,859,false],"theme-slug-single-post":["https:\/\/www.gamapa.de\/wp-content\/uploads\/2022\/02\/Schmitz_2-1440x400.jpg",1440,400,true]},"uagb_author_info":{"display_name":"linda","author_link":"https:\/\/www.gamapa.de\/fr\/author\/linda\/"},"uagb_comment_info":0,"uagb_excerpt":"Domaines de sp\u00e9cialisation Carri\u00e8re professionnelle 2001-2004 Formation professionnelle au poste d\u2019assistante de conseiller fiscal 2004-2009 Etudes de gestion \u00e0 la Westf\u00e4lische Wilhelms-Universit\u00e4t, M\u00fcnster 2009-2013 Assistante fiscale au sein du Cabinet Dr. Gantef\u00fchrer, Marquardt und Partner 2013 Obtention du dipl\u00f4me de conseill\u00e8re fiscale depuis 2013 Conseill\u00e8re fiscale au sein du Cabinet Dr. Gantef\u00fchrer, Marquardt &amp; Partner\u2026","_links":{"self":[{"href":"https:\/\/www.gamapa.de\/fr\/wp-json\/wp\/v2\/pages\/4908","targetHints":{"allow":["GET"]}}],"collection":[{"href":"https:\/\/www.gamapa.de\/fr\/wp-json\/wp\/v2\/pages"}],"about":[{"href":"https:\/\/www.gamapa.de\/fr\/wp-json\/wp\/v2\/types\/page"}],"author":[{"embeddable":true,"href":"https:\/\/www.gamapa.de\/fr\/wp-json\/wp\/v2\/users\/1"}],"replies":[{"embeddable":true,"href":"https:\/\/www.gamapa.de\/fr\/wp-json\/wp\/v2\/comments?post=4908"}],"version-history":[{"count":22,"href":"https:\/\/www.gamapa.de\/fr\/wp-json\/wp\/v2\/pages\/4908\/revisions"}],"predecessor-version":[{"id":22316,"href":"https:\/\/www.gamapa.de\/fr\/wp-json\/wp\/v2\/pages\/4908\/revisions\/22316"}],"up":[{"embeddable":true,"href":"https:\/\/www.gamapa.de\/fr\/wp-json\/wp\/v2\/pages\/4584"}],"wp:featuredmedia":[{"embeddable":true,"href":"https:\/\/www.gamapa.de\/fr\/wp-json\/wp\/v2\/media\/12291"}],"wp:attachment":[{"href":"https:\/\/www.gamapa.de\/fr\/wp-json\/wp\/v2\/media?parent=4908"}],"curies":[{"name":"wp","href":"https:\/\/api.w.org\/{rel}","templated":true}]}}