

{"id":4930,"date":"2020-09-02T16:45:53","date_gmt":"2020-09-02T14:45:53","guid":{"rendered":"https:\/\/www.gamapa.de\/dr-christiane-bierekoven-rechtsanwaeltin\/"},"modified":"2025-11-04T15:01:56","modified_gmt":"2025-11-04T14:01:56","slug":"dr-christiane-bierekoven-avocat","status":"publish","type":"page","link":"https:\/\/www.gamapa.de\/fr\/conseillers\/dr-christiane-bierekoven-avocat\/","title":{"rendered":"Dr. Christiane Bierekoven"},"content":{"rendered":"\n<h3 class=\"wp-block-heading\">Domaines de sp\u00e9cialisation<\/h3>\n\n\n\n<ul class=\"wp-block-list\">\n<li>Droit des donn\u00e9es et Data Act<\/li>\n\n\n\n<li>Droit de la protection des donn\u00e9es<\/li>\n\n\n\n<li>Num\u00e9risation\/Industrie 4.0<\/li>\n\n\n\n<li>Num\u00e9risation du secteur public<\/li>\n\n\n\n<li>Droit des technologies de l&rsquo;information<\/li>\n\n\n\n<li>IA \u2013 Intelligence artificielle<\/li>\n\n\n\n<li>Externalisation et cloud<\/li>\n\n\n\n<li>Conception de contrats de projet et contrats agiles<\/li>\n\n\n\n<li>Contrats relatifs aux centres de donn\u00e9es<\/li>\n\n\n\n<li>Contrats de licence, de cession et de maintenance de logiciels<\/li>\n<\/ul>\n\n\n\n<h3 class=\"wp-block-heading\">Carri\u00e8re professionnelle<\/h3>\n\n\n\n<figure class=\"wp-block-table tablist\"><table><tbody><tr><td>1988-1994 <\/td><td>Universit\u00e9s de Cologne et de Lausanne<\/td><\/tr><tr><td>1994-1997<\/td><td>Stage juridique \u00e0 la Haute Cour R\u00e9gionale de Cologne<\/td><\/tr><tr><td>2000<\/td><td>Doctorat \u00e0 l\u2019Universit\u00e9 de Cologne<\/td><\/tr><tr><td>1997-2006<\/td><td>Conseill\u00e8re juridique dans un cabinet juridique \u00e0 Bonn<\/td><\/tr><tr><td>2006-2018<\/td><td>Conseill\u00e8re juridique au sein du Cabinet R\u00f6dl &amp; Partner \u00e0 Nuremberg<\/td><\/tr><tr><td>2018-2020<\/td><td>Conseill\u00e8re juridique au sein du Cabinet Ebner Stolz \u00e0 Cologne<\/td><\/tr><tr><td>depuis 2020<\/td><td>Conseill\u00e8re juridique au sein du cabinet Dr. Gantef\u00fchrer, Marquardt &amp; Partner<\/td><\/tr><\/tbody><\/table><\/figure>\n\n\n\n<h3 class=\"wp-block-heading\">Secteurs<\/h3>\n\n\n\n<ul class=\"wp-block-list\">\n<li>Industrie automobile<\/li>\n\n\n\n<li>Secteur de la construction<\/li>\n\n\n\n<li>Industrie chimique et pharmaceutique<\/li>\n\n\n\n<li>Commerce de d\u00e9tail et de gros<\/li>\n\n\n\n<li>Industrie \u00e9lectrique<\/li>\n\n\n\n<li>Approvisionnement en \u00e9nergie<\/li>\n\n\n\n<li>Secteur financier (banques, assurances)<\/li>\n\n\n\n<li>Sant\u00e9 et affaires sociales<\/li>\n\n\n\n<li>Technologies de l&rsquo;information (informatique et \u00e9conomie num\u00e9rique)<\/li>\n\n\n\n<li>Construction de machines et d&rsquo;installations<\/li>\n\n\n\n<li>Secteur public<\/li>\n<\/ul>\n\n\n\n<h3 class=\"wp-block-heading\">Publications (S\u00e9lection)<\/h3>\n\n\n\n<ul class=\"wp-block-list\">\n<li>Les matrices d&rsquo;exigences comme d\u00e9fi pour la conformit\u00e9 de l&rsquo;IA \u2013 illustr\u00e9es par l&rsquo;exemple des syst\u00e8mes de reconnaissance des \u00e9motions et des syst\u00e8mes de cat\u00e9gorisation biom\u00e9trique, ITRB 2025, 16-21<\/li>\n\n\n\n<li>La nouvelle r\u00e9glementation sur l&rsquo;IA \u2013 Partie 2 \u2013 Exigences relatives aux syst\u00e8mes et mod\u00e8les d&rsquo;IA, recommandations pratiques, ITRB 2024, 290-298<\/li>\n\n\n\n<li>La nouvelle r\u00e9glementation sur l&rsquo;IA \u2013 Partie 1 \u2013 Aper\u00e7u de la syst\u00e9matique, du concept, de la gouvernance et de la terminologie, ITRB 2024, 264-269<\/li>\n\n\n\n<li>Traitement des donn\u00e9es d&rsquo;entra\u00eenement, de test et de validation selon l&rsquo;AI-VO-E, le Data Act et le RGPD &#8211; Aper\u00e7u de l&rsquo;interaction entre les r\u00e9glementations relatives au traitement des donn\u00e9es d&rsquo;entra\u00eenement, de test et de validation, ITRB 2023, 211-215<\/li>\n\n\n\n<li>Continuit\u00e9 des activit\u00e9s lors de l&rsquo;utilisation de donn\u00e9es critiques pour l&rsquo;entreprise dans le cloud &#8211; Exigences en mati\u00e8re de r\u00e9daction de contrats pour garantir les droits sur les donn\u00e9es, CR 2021, 217-225<\/li>\n\n\n\n<li>Concevoir l\u2019intelligence artificielle de mani\u00e8re \u00e0 assurer la conformit\u00e9 par rapport aux dispositions sur la protection des donn\u00e9es \u2013 principes et consignes pratiques, ITRB 2019, 262-267<\/li>\n\n\n\n<li>R\u00e8glement g\u00e9n\u00e9ral sur la protection des donn\u00e9es \u00e0 caract\u00e8re personnel en tant que partie essentielle de la description des services et du projet dans le cadre des projets<em> IT<\/em>, dans : Fischer\/Hoppen\/Wimmers, DGRI Handbuch 2018, p. 60<\/li>\n\n\n\n<li>Mod\u00e8le de contrat de sous-traitement des donn\u00e9es \u00e0 caract\u00e8re personnel 7.2, Redeker, Handbuch der IT-Vertr\u00e4ge<em>,<\/em> \u00e9dition 41, 06.2020<\/li>\n\n\n\n<li>Droit relatif au commerce \u00e9lectronique et \u00e0 la vente \u00e0 distance, \u00a7 26, Auer-Reinsdorff\/Conrad, Handbuch IT- und Datenschutzrecht, \u00e9dition 3, 2019<\/li>\n\n\n\n<li>Devoirs d\u2019information, partie III, Forgo\/Helfrich\/Schneider, Betrieblicher Datenschutz<em>,<\/em> \u00e9dition 3, 2019<\/li>\n\n\n\n<li>Protection des donn\u00e9es \u00e0 caract\u00e8re personnel des clients, commerce d\u2019adresses et marketing direct, partie XI, chapitre 1, Forgo\/Helfrich\/Schneider, Betrieblicher Datenschutz, \u00e9dition 3, 2019<\/li>\n\n\n\n<li>Application Service Providing\/SaaS (Cloud), \u00a7 14, commentaire avec le co-auteur Iris Argyriadou, Intveen\/Gennen\/Karger, Handbuch des Softwarerechts, \u00e9dition 1, 2018<\/li>\n\n\n\n<li>Traitement des commandes, contr\u00f4le conjoint et petit privil\u00e8ge de groupe, ITRB 2017, 282-285<\/li>\n\n\n\n<li>Admissibilit\u00e9 de l\u2019utilisation des applications surveillant l\u2019\u00e9tat de la sant\u00e9 du point de vue du droit de la protection des donn\u00e9es \u00e0 caract\u00e8re personnel, ITRB 2015, 114-120<\/li>\n\n\n\n<li>Le nouveau guide de l&rsquo;informatique en nuage version 2.0, ITRB 2015, 169-172<\/li>\n<\/ul>\n\n\n\n<h3 class=\"wp-block-heading\">Appartenance<\/h3>\n\n\n\n<ul class=\"wp-block-list\">\n<li>DAV &#8211; Comit\u00e9 directeur de l&rsquo;Association allemande des avocats<\/li>\n\n\n\n<li>DAV \u2013 Membre du comit\u00e9 d&rsquo;information juridique DAV<\/li>\n\n\n\n<li>davit &#8211; Pr\u00e9sidente du groupe de travail sur le droit informatique au sein de l&rsquo;Association allemande des avocats<\/li>\n\n\n\n<li>DGRI \u2013 Membre de la Soci\u00e9t\u00e9 allemande pour le droit et l&rsquo;informatique<\/li>\n\n\n\n<li>ITRB \u2013 Co\u00e9ditrice du guide juridique sur les technologies de l&rsquo;information, Otto Schmidt Verlag<\/li>\n\n\n\n<li>Membre du comit\u00e9 consultatif de l&rsquo;it-sa \u2013 Salon de la s\u00e9curit\u00e9 informatique de Nuremberg<\/li>\n<\/ul>\n\n\n\n<h3 class=\"wp-block-heading\">Enseignement<\/h3>\n\n\n\n<ul class=\"wp-block-list\">\n<li>Ma\u00eetre de conf\u00e9rences en fili\u00e8re \u00ab&nbsp;droit de l\u2019informatique&nbsp;\u00bb \u00e0 la DeutscheAnwaltAkademie<\/li>\n\n\n\n<li>Depuis 2006 Ma\u00eetre de conf\u00e9rences en droit de l\u2019informatique dans le cadre de la BeckAkademie<\/li>\n\n\n\n<li>Conf\u00e9rences r\u00e9guli\u00e8res dans la cadre du salon it-sa \u00e0 Nuremberg depuis 2009<\/li>\n<\/ul>\n\n\n\n\n\n<div class=\"wp-block-button zurueck\"><a class=\"wp-block-button__link wp-element-button\" href=\"https:\/\/www.gamapa.de\/fr\/conseillers\/\">Retour<\/a><\/div>\n\n\n\n<p><\/p>\n","protected":false},"excerpt":{"rendered":"<p>Domaines de sp\u00e9cialisation Carri\u00e8re professionnelle 1988-1994 Universit\u00e9s de Cologne et de Lausanne 1994-1997 Stage juridique \u00e0 la Haute Cour R\u00e9gionale de Cologne 2000 Doctorat \u00e0 l\u2019Universit\u00e9 de Cologne 1997-2006 Conseill\u00e8re juridique dans un cabinet juridique \u00e0 Bonn 2006-2018 Conseill\u00e8re juridique au sein du Cabinet R\u00f6dl &amp; Partner \u00e0 Nuremberg 2018-2020 Conseill\u00e8re juridique au sein du <a href=\"https:\/\/www.gamapa.de\/fr\/conseillers\/dr-christiane-bierekoven-avocat\/\">[\u2026]<\/a><\/p>\n","protected":false},"author":1,"featured_media":3856,"parent":4584,"menu_order":10,"comment_status":"closed","ping_status":"closed","template":"templates\/template-Profil.php","meta":{"_acf_changed":false,"_uag_custom_page_level_css":"","footnotes":""},"class_list":["post-4930","page","type-page","status-publish","has-post-thumbnail","hentry"],"acf":[],"yoast_head":"<!-- This site is optimized with the Yoast SEO plugin v27.5 - https:\/\/yoast.com\/product\/yoast-seo-wordpress\/ -->\n<title>Dr. Christiane Bierekoven - GANTEF\u00dcHRER<\/title>\n<meta name=\"robots\" content=\"index, follow, max-snippet:-1, max-image-preview:large, max-video-preview:-1\" \/>\n<link rel=\"canonical\" href=\"https:\/\/www.gamapa.de\/fr\/conseillers\/dr-christiane-bierekoven-avocat\/\" \/>\n<meta property=\"og:locale\" content=\"fr_FR\" \/>\n<meta property=\"og:type\" content=\"article\" \/>\n<meta property=\"og:title\" content=\"Dr. Christiane Bierekoven - GANTEF\u00dcHRER\" \/>\n<meta property=\"og:description\" content=\"Domaines de sp\u00e9cialisation Carri\u00e8re professionnelle 1988-1994 Universit\u00e9s de Cologne et de Lausanne 1994-1997 Stage juridique \u00e0 la Haute Cour R\u00e9gionale de Cologne 2000 Doctorat \u00e0 l\u2019Universit\u00e9 de Cologne 1997-2006 Conseill\u00e8re juridique dans un cabinet juridique \u00e0 Bonn 2006-2018 Conseill\u00e8re juridique au sein du Cabinet R\u00f6dl &amp; Partner \u00e0 Nuremberg 2018-2020 Conseill\u00e8re juridique au sein du [\u2026]\" \/>\n<meta property=\"og:url\" content=\"https:\/\/www.gamapa.de\/fr\/conseillers\/dr-christiane-bierekoven-avocat\/\" \/>\n<meta property=\"og:site_name\" content=\"GANTEF\u00dcHRER\" \/>\n<meta property=\"article:modified_time\" content=\"2025-11-04T14:01:56+00:00\" \/>\n<meta property=\"og:image\" content=\"https:\/\/www.gamapa.de\/wp-content\/uploads\/2020\/07\/Bierekhoven-big.jpg\" \/>\n\t<meta property=\"og:image:width\" content=\"1440\" \/>\n\t<meta property=\"og:image:height\" content=\"859\" \/>\n\t<meta property=\"og:image:type\" content=\"image\/jpeg\" \/>\n<meta name=\"twitter:card\" content=\"summary_large_image\" \/>\n<meta name=\"twitter:label1\" content=\"Dur\u00e9e de lecture estim\u00e9e\" \/>\n\t<meta name=\"twitter:data1\" content=\"4 minutes\" \/>\n<script type=\"application\/ld+json\" class=\"yoast-schema-graph\">{\"@context\":\"https:\\\/\\\/schema.org\",\"@graph\":[{\"@type\":\"WebPage\",\"@id\":\"https:\\\/\\\/www.gamapa.de\\\/fr\\\/conseillers\\\/dr-christiane-bierekoven-avocat\\\/\",\"url\":\"https:\\\/\\\/www.gamapa.de\\\/fr\\\/conseillers\\\/dr-christiane-bierekoven-avocat\\\/\",\"name\":\"Dr. Christiane Bierekoven - GANTEF\u00dcHRER\",\"isPartOf\":{\"@id\":\"https:\\\/\\\/www.gamapa.de\\\/fr\\\/#website\"},\"primaryImageOfPage\":{\"@id\":\"https:\\\/\\\/www.gamapa.de\\\/fr\\\/conseillers\\\/dr-christiane-bierekoven-avocat\\\/#primaryimage\"},\"image\":{\"@id\":\"https:\\\/\\\/www.gamapa.de\\\/fr\\\/conseillers\\\/dr-christiane-bierekoven-avocat\\\/#primaryimage\"},\"thumbnailUrl\":\"https:\\\/\\\/www.gamapa.de\\\/wp-content\\\/uploads\\\/2020\\\/07\\\/Bierekhoven-big.jpg\",\"datePublished\":\"2020-09-02T14:45:53+00:00\",\"dateModified\":\"2025-11-04T14:01:56+00:00\",\"breadcrumb\":{\"@id\":\"https:\\\/\\\/www.gamapa.de\\\/fr\\\/conseillers\\\/dr-christiane-bierekoven-avocat\\\/#breadcrumb\"},\"inLanguage\":\"fr-FR\",\"potentialAction\":[{\"@type\":\"ReadAction\",\"target\":[\"https:\\\/\\\/www.gamapa.de\\\/fr\\\/conseillers\\\/dr-christiane-bierekoven-avocat\\\/\"]}]},{\"@type\":\"ImageObject\",\"inLanguage\":\"fr-FR\",\"@id\":\"https:\\\/\\\/www.gamapa.de\\\/fr\\\/conseillers\\\/dr-christiane-bierekoven-avocat\\\/#primaryimage\",\"url\":\"https:\\\/\\\/www.gamapa.de\\\/wp-content\\\/uploads\\\/2020\\\/07\\\/Bierekhoven-big.jpg\",\"contentUrl\":\"https:\\\/\\\/www.gamapa.de\\\/wp-content\\\/uploads\\\/2020\\\/07\\\/Bierekhoven-big.jpg\",\"width\":1440,\"height\":859,\"caption\":\"Dr. Christiane Bierekoven, Rechtsanw\u00e4ltin, Counsel, Fachanw\u00e4ltin f\u00fcr Informationstechnologierecht, , Gantef\u00fchrer - Steuerberater, Rechtsanw\u00e4lte, Wirtschaftspr\u00fcfer\"},{\"@type\":\"BreadcrumbList\",\"@id\":\"https:\\\/\\\/www.gamapa.de\\\/fr\\\/conseillers\\\/dr-christiane-bierekoven-avocat\\\/#breadcrumb\",\"itemListElement\":[{\"@type\":\"ListItem\",\"position\":1,\"name\":\"Startseite\",\"item\":\"https:\\\/\\\/www.gamapa.de\\\/fr\\\/\"},{\"@type\":\"ListItem\",\"position\":2,\"name\":\"Conseillers\",\"item\":\"https:\\\/\\\/www.gamapa.de\\\/fr\\\/conseillers\\\/\"},{\"@type\":\"ListItem\",\"position\":3,\"name\":\"Dr. Christiane Bierekoven\"}]},{\"@type\":\"WebSite\",\"@id\":\"https:\\\/\\\/www.gamapa.de\\\/fr\\\/#website\",\"url\":\"https:\\\/\\\/www.gamapa.de\\\/fr\\\/\",\"name\":\"GANTEF\u00dcHRER\",\"description\":\"Wirtschaftspr\u00fcfer, Steuerberater, Rechtsanw\u00e4lte\",\"publisher\":{\"@id\":\"https:\\\/\\\/www.gamapa.de\\\/fr\\\/#organization\"},\"potentialAction\":[{\"@type\":\"SearchAction\",\"target\":{\"@type\":\"EntryPoint\",\"urlTemplate\":\"https:\\\/\\\/www.gamapa.de\\\/fr\\\/?s={search_term_string}\"},\"query-input\":{\"@type\":\"PropertyValueSpecification\",\"valueRequired\":true,\"valueName\":\"search_term_string\"}}],\"inLanguage\":\"fr-FR\"},{\"@type\":\"Organization\",\"@id\":\"https:\\\/\\\/www.gamapa.de\\\/fr\\\/#organization\",\"name\":\"Gantef\u00fchrer Wirtschaftspr\u00fcfer, Steuerberater, Rechtsanw\u00e4lte\",\"url\":\"https:\\\/\\\/www.gamapa.de\\\/fr\\\/\",\"logo\":{\"@type\":\"ImageObject\",\"inLanguage\":\"fr-FR\",\"@id\":\"https:\\\/\\\/www.gamapa.de\\\/fr\\\/#\\\/schema\\\/logo\\\/image\\\/\",\"url\":\"https:\\\/\\\/www.gamapa.de\\\/wp-content\\\/uploads\\\/2026\\\/01\\\/Logo-Gantefuehrer.png\",\"contentUrl\":\"https:\\\/\\\/www.gamapa.de\\\/wp-content\\\/uploads\\\/2026\\\/01\\\/Logo-Gantefuehrer.png\",\"width\":767,\"height\":156,\"caption\":\"Gantef\u00fchrer Wirtschaftspr\u00fcfer, Steuerberater, Rechtsanw\u00e4lte\"},\"image\":{\"@id\":\"https:\\\/\\\/www.gamapa.de\\\/fr\\\/#\\\/schema\\\/logo\\\/image\\\/\"}}]}<\/script>\n<!-- \/ Yoast SEO plugin. -->","yoast_head_json":{"title":"Dr. Christiane Bierekoven - GANTEF\u00dcHRER","robots":{"index":"index","follow":"follow","max-snippet":"max-snippet:-1","max-image-preview":"max-image-preview:large","max-video-preview":"max-video-preview:-1"},"canonical":"https:\/\/www.gamapa.de\/fr\/conseillers\/dr-christiane-bierekoven-avocat\/","og_locale":"fr_FR","og_type":"article","og_title":"Dr. Christiane Bierekoven - GANTEF\u00dcHRER","og_description":"Domaines de sp\u00e9cialisation Carri\u00e8re professionnelle 1988-1994 Universit\u00e9s de Cologne et de Lausanne 1994-1997 Stage juridique \u00e0 la Haute Cour R\u00e9gionale de Cologne 2000 Doctorat \u00e0 l\u2019Universit\u00e9 de Cologne 1997-2006 Conseill\u00e8re juridique dans un cabinet juridique \u00e0 Bonn 2006-2018 Conseill\u00e8re juridique au sein du Cabinet R\u00f6dl &amp; Partner \u00e0 Nuremberg 2018-2020 Conseill\u00e8re juridique au sein du [\u2026]","og_url":"https:\/\/www.gamapa.de\/fr\/conseillers\/dr-christiane-bierekoven-avocat\/","og_site_name":"GANTEF\u00dcHRER","article_modified_time":"2025-11-04T14:01:56+00:00","og_image":[{"width":1440,"height":859,"url":"https:\/\/www.gamapa.de\/wp-content\/uploads\/2020\/07\/Bierekhoven-big.jpg","type":"image\/jpeg"}],"twitter_card":"summary_large_image","twitter_misc":{"Dur\u00e9e de lecture estim\u00e9e":"4 minutes"},"schema":{"@context":"https:\/\/schema.org","@graph":[{"@type":"WebPage","@id":"https:\/\/www.gamapa.de\/fr\/conseillers\/dr-christiane-bierekoven-avocat\/","url":"https:\/\/www.gamapa.de\/fr\/conseillers\/dr-christiane-bierekoven-avocat\/","name":"Dr. Christiane Bierekoven - GANTEF\u00dcHRER","isPartOf":{"@id":"https:\/\/www.gamapa.de\/fr\/#website"},"primaryImageOfPage":{"@id":"https:\/\/www.gamapa.de\/fr\/conseillers\/dr-christiane-bierekoven-avocat\/#primaryimage"},"image":{"@id":"https:\/\/www.gamapa.de\/fr\/conseillers\/dr-christiane-bierekoven-avocat\/#primaryimage"},"thumbnailUrl":"https:\/\/www.gamapa.de\/wp-content\/uploads\/2020\/07\/Bierekhoven-big.jpg","datePublished":"2020-09-02T14:45:53+00:00","dateModified":"2025-11-04T14:01:56+00:00","breadcrumb":{"@id":"https:\/\/www.gamapa.de\/fr\/conseillers\/dr-christiane-bierekoven-avocat\/#breadcrumb"},"inLanguage":"fr-FR","potentialAction":[{"@type":"ReadAction","target":["https:\/\/www.gamapa.de\/fr\/conseillers\/dr-christiane-bierekoven-avocat\/"]}]},{"@type":"ImageObject","inLanguage":"fr-FR","@id":"https:\/\/www.gamapa.de\/fr\/conseillers\/dr-christiane-bierekoven-avocat\/#primaryimage","url":"https:\/\/www.gamapa.de\/wp-content\/uploads\/2020\/07\/Bierekhoven-big.jpg","contentUrl":"https:\/\/www.gamapa.de\/wp-content\/uploads\/2020\/07\/Bierekhoven-big.jpg","width":1440,"height":859,"caption":"Dr. Christiane Bierekoven, Rechtsanw\u00e4ltin, Counsel, Fachanw\u00e4ltin f\u00fcr Informationstechnologierecht, , Gantef\u00fchrer - Steuerberater, Rechtsanw\u00e4lte, Wirtschaftspr\u00fcfer"},{"@type":"BreadcrumbList","@id":"https:\/\/www.gamapa.de\/fr\/conseillers\/dr-christiane-bierekoven-avocat\/#breadcrumb","itemListElement":[{"@type":"ListItem","position":1,"name":"Startseite","item":"https:\/\/www.gamapa.de\/fr\/"},{"@type":"ListItem","position":2,"name":"Conseillers","item":"https:\/\/www.gamapa.de\/fr\/conseillers\/"},{"@type":"ListItem","position":3,"name":"Dr. Christiane Bierekoven"}]},{"@type":"WebSite","@id":"https:\/\/www.gamapa.de\/fr\/#website","url":"https:\/\/www.gamapa.de\/fr\/","name":"GANTEF\u00dcHRER","description":"Wirtschaftspr\u00fcfer, Steuerberater, Rechtsanw\u00e4lte","publisher":{"@id":"https:\/\/www.gamapa.de\/fr\/#organization"},"potentialAction":[{"@type":"SearchAction","target":{"@type":"EntryPoint","urlTemplate":"https:\/\/www.gamapa.de\/fr\/?s={search_term_string}"},"query-input":{"@type":"PropertyValueSpecification","valueRequired":true,"valueName":"search_term_string"}}],"inLanguage":"fr-FR"},{"@type":"Organization","@id":"https:\/\/www.gamapa.de\/fr\/#organization","name":"Gantef\u00fchrer Wirtschaftspr\u00fcfer, Steuerberater, Rechtsanw\u00e4lte","url":"https:\/\/www.gamapa.de\/fr\/","logo":{"@type":"ImageObject","inLanguage":"fr-FR","@id":"https:\/\/www.gamapa.de\/fr\/#\/schema\/logo\/image\/","url":"https:\/\/www.gamapa.de\/wp-content\/uploads\/2026\/01\/Logo-Gantefuehrer.png","contentUrl":"https:\/\/www.gamapa.de\/wp-content\/uploads\/2026\/01\/Logo-Gantefuehrer.png","width":767,"height":156,"caption":"Gantef\u00fchrer Wirtschaftspr\u00fcfer, Steuerberater, Rechtsanw\u00e4lte"},"image":{"@id":"https:\/\/www.gamapa.de\/fr\/#\/schema\/logo\/image\/"}}]}},"uagb_featured_image_src":{"full":["https:\/\/www.gamapa.de\/wp-content\/uploads\/2020\/07\/Bierekhoven-big.jpg",1440,859,false],"thumbnail":["https:\/\/www.gamapa.de\/wp-content\/uploads\/2020\/07\/Bierekhoven-big-150x150.jpg",150,150,true],"medium":["https:\/\/www.gamapa.de\/wp-content\/uploads\/2020\/07\/Bierekhoven-big-600x358.jpg",600,358,true],"medium_large":["https:\/\/www.gamapa.de\/wp-content\/uploads\/2020\/07\/Bierekhoven-big-768x458.jpg",580,346,true],"large":["https:\/\/www.gamapa.de\/wp-content\/uploads\/2020\/07\/Bierekhoven-big.jpg",580,346,false],"gs-tiny":["https:\/\/www.gamapa.de\/wp-content\/uploads\/2020\/07\/Bierekhoven-big.jpg",50,30,false],"xl":["https:\/\/www.gamapa.de\/wp-content\/uploads\/2020\/07\/Bierekhoven-big.jpg",1440,859,false],"xxl":["https:\/\/www.gamapa.de\/wp-content\/uploads\/2020\/07\/Bierekhoven-big.jpg",1440,859,false],"xxxl":["https:\/\/www.gamapa.de\/wp-content\/uploads\/2020\/07\/Bierekhoven-big.jpg",1440,859,false],"xxxxl":["https:\/\/www.gamapa.de\/wp-content\/uploads\/2020\/07\/Bierekhoven-big.jpg",1440,859,false],"xxxxxl":["https:\/\/www.gamapa.de\/wp-content\/uploads\/2020\/07\/Bierekhoven-big.jpg",1440,859,false],"1536x1536":["https:\/\/www.gamapa.de\/wp-content\/uploads\/2020\/07\/Bierekhoven-big.jpg",1440,859,false],"2048x2048":["https:\/\/www.gamapa.de\/wp-content\/uploads\/2020\/07\/Bierekhoven-big.jpg",1440,859,false],"post-thumbnail":["https:\/\/www.gamapa.de\/wp-content\/uploads\/2020\/07\/Bierekhoven-big.jpg",1440,859,false],"twentytwenty-fullscreen":["https:\/\/www.gamapa.de\/wp-content\/uploads\/2020\/07\/Bierekhoven-big.jpg",1440,859,false],"theme-slug-single-post":["https:\/\/www.gamapa.de\/wp-content\/uploads\/2020\/07\/Bierekhoven-big-1440x400.jpg",1440,400,true]},"uagb_author_info":{"display_name":"linda","author_link":"https:\/\/www.gamapa.de\/fr\/author\/linda\/"},"uagb_comment_info":0,"uagb_excerpt":"Domaines de sp\u00e9cialisation Carri\u00e8re professionnelle 1988-1994 Universit\u00e9s de Cologne et de Lausanne 1994-1997 Stage juridique \u00e0 la Haute Cour R\u00e9gionale de Cologne 2000 Doctorat \u00e0 l\u2019Universit\u00e9 de Cologne 1997-2006 Conseill\u00e8re juridique dans un cabinet juridique \u00e0 Bonn 2006-2018 Conseill\u00e8re juridique au sein du Cabinet R\u00f6dl &amp; Partner \u00e0 Nuremberg 2018-2020 Conseill\u00e8re juridique au sein du\u2026","_links":{"self":[{"href":"https:\/\/www.gamapa.de\/fr\/wp-json\/wp\/v2\/pages\/4930","targetHints":{"allow":["GET"]}}],"collection":[{"href":"https:\/\/www.gamapa.de\/fr\/wp-json\/wp\/v2\/pages"}],"about":[{"href":"https:\/\/www.gamapa.de\/fr\/wp-json\/wp\/v2\/types\/page"}],"author":[{"embeddable":true,"href":"https:\/\/www.gamapa.de\/fr\/wp-json\/wp\/v2\/users\/1"}],"replies":[{"embeddable":true,"href":"https:\/\/www.gamapa.de\/fr\/wp-json\/wp\/v2\/comments?post=4930"}],"version-history":[{"count":22,"href":"https:\/\/www.gamapa.de\/fr\/wp-json\/wp\/v2\/pages\/4930\/revisions"}],"predecessor-version":[{"id":22197,"href":"https:\/\/www.gamapa.de\/fr\/wp-json\/wp\/v2\/pages\/4930\/revisions\/22197"}],"up":[{"embeddable":true,"href":"https:\/\/www.gamapa.de\/fr\/wp-json\/wp\/v2\/pages\/4584"}],"wp:featuredmedia":[{"embeddable":true,"href":"https:\/\/www.gamapa.de\/fr\/wp-json\/wp\/v2\/media\/3856"}],"wp:attachment":[{"href":"https:\/\/www.gamapa.de\/fr\/wp-json\/wp\/v2\/media?parent=4930"}],"curies":[{"name":"wp","href":"https:\/\/api.w.org\/{rel}","templated":true}]}}