

{"id":6822,"date":"2021-03-05T10:26:33","date_gmt":"2021-03-05T09:26:33","guid":{"rendered":"https:\/\/www.gamapa.de\/melanie-greifzu-steuerberaterin\/"},"modified":"2025-11-06T10:19:07","modified_gmt":"2025-11-06T09:19:07","slug":"melanie-greifzu-conseillere-fiscal","status":"publish","type":"page","link":"https:\/\/www.gamapa.de\/fr\/conseillers\/melanie-greifzu-conseillere-fiscal\/","title":{"rendered":"Melanie Greifzu"},"content":{"rendered":"\n<h3 class=\"wp-block-heading\">Domaines de sp\u00e9cialisation<\/h3>\n\n\n\n<ul class=\"wp-block-list\">\n<li>Etablissement des comptes annuels, des bilans fiscaux et des d\u00e9clarations fiscales professionelles<\/li>\n\n\n\n<li>Etablissement des d\u00e9clarations fiscales personnelles<\/li>\n\n\n\n<li>Conseil fiscal pour les soci\u00e9t\u00e9s en redressement judiciaire<\/li>\n<\/ul>\n\n\n\n<h3 class=\"wp-block-heading\">Carri\u00e8re professionelle<\/h3>\n\n\n\n<figure class=\"wp-block-table tablist\"><table><tbody><tr><td>1998-2005<\/td><td>Etudes d&rsquo;\u00e9conomie, Universit\u00e9 Duisburg-Essen, \u00e0 Duisburg<\/td><\/tr><tr><td>2006-2013<\/td><td>D&rsquo;assistante \u00e0 senior chez Ernst &amp; Young GmbH, Wirtschaftspr\u00fcfungsgesellschaft, D\u00fcsseldorf<\/td><\/tr><tr><td>2012<\/td><td>Obtention du dipl\u00f4me de conseill\u00e8re fiscale<\/td><\/tr><tr><td>2013-2019<\/td><td>Conseill\u00e8re fiscale dans un cabinet de taille moyenne<\/td><\/tr><tr><td>2019-2020<\/td><td>Conseill\u00e8re fiscale dans un petit cabinet<\/td><\/tr><tr><td>depuis 2021<\/td><td>Conseill\u00e8re fiscale chez Dr. Gantef\u00fchrer, Marquardt und Partner<\/td><\/tr><\/tbody><\/table><\/figure>\n\n\n\n<h3 class=\"wp-block-heading\">Secteurs<\/h3>\n\n\n\n<ul class=\"wp-block-list\">\n<li>Entreprises moyennes de divers secteurs<\/li>\n\n\n\n<li>Clients priv\u00e9s fortun\u00e9s<\/li>\n\n\n\n<li>Commerce<\/li>\n<\/ul>\n\n\n\n<div class=\"wp-block-buttons is-layout-flex wp-block-buttons-is-layout-flex\">\n<div class=\"wp-block-button zurueck\"><a class=\"wp-block-button__link wp-element-button\" href=\"https:\/\/www.gamapa.de\/fr\/conseillers\/\">retour<\/a><\/div>\n<\/div>\n","protected":false},"excerpt":{"rendered":"<p>Domaines de sp\u00e9cialisation Carri\u00e8re professionelle 1998-2005 Etudes d&rsquo;\u00e9conomie, Universit\u00e9 Duisburg-Essen, \u00e0 Duisburg 2006-2013 D&rsquo;assistante \u00e0 senior chez Ernst &amp; Young GmbH, Wirtschaftspr\u00fcfungsgesellschaft, D\u00fcsseldorf 2012 Obtention du dipl\u00f4me de conseill\u00e8re fiscale 2013-2019 Conseill\u00e8re fiscale dans un cabinet de taille moyenne 2019-2020 Conseill\u00e8re fiscale dans un petit cabinet depuis 2021 Conseill\u00e8re fiscale chez Dr. Gantef\u00fchrer, Marquardt und <a href=\"https:\/\/www.gamapa.de\/fr\/conseillers\/melanie-greifzu-conseillere-fiscal\/\">[\u2026]<\/a><\/p>\n","protected":false},"author":1,"featured_media":6806,"parent":4584,"menu_order":39,"comment_status":"closed","ping_status":"closed","template":"templates\/template-Profil.php","meta":{"_acf_changed":false,"_uag_custom_page_level_css":"","footnotes":""},"class_list":["post-6822","page","type-page","status-publish","has-post-thumbnail","hentry"],"acf":[],"yoast_head":"<!-- This site is optimized with the Yoast SEO plugin v27.5 - https:\/\/yoast.com\/product\/yoast-seo-wordpress\/ -->\n<title>Melanie Greifzu - GANTEF\u00dcHRER<\/title>\n<meta name=\"robots\" content=\"index, follow, max-snippet:-1, max-image-preview:large, max-video-preview:-1\" \/>\n<link rel=\"canonical\" href=\"https:\/\/www.gamapa.de\/fr\/conseillers\/melanie-greifzu-conseillere-fiscal\/\" \/>\n<meta property=\"og:locale\" content=\"fr_FR\" \/>\n<meta property=\"og:type\" content=\"article\" \/>\n<meta property=\"og:title\" content=\"Melanie Greifzu - GANTEF\u00dcHRER\" \/>\n<meta property=\"og:description\" content=\"Domaines de sp\u00e9cialisation Carri\u00e8re professionelle 1998-2005 Etudes d&rsquo;\u00e9conomie, Universit\u00e9 Duisburg-Essen, \u00e0 Duisburg 2006-2013 D&rsquo;assistante \u00e0 senior chez Ernst &amp; Young GmbH, Wirtschaftspr\u00fcfungsgesellschaft, D\u00fcsseldorf 2012 Obtention du dipl\u00f4me de conseill\u00e8re fiscale 2013-2019 Conseill\u00e8re fiscale dans un cabinet de taille moyenne 2019-2020 Conseill\u00e8re fiscale dans un petit cabinet depuis 2021 Conseill\u00e8re fiscale chez Dr. Gantef\u00fchrer, Marquardt und [\u2026]\" \/>\n<meta property=\"og:url\" content=\"https:\/\/www.gamapa.de\/fr\/conseillers\/melanie-greifzu-conseillere-fiscal\/\" \/>\n<meta property=\"og:site_name\" content=\"GANTEF\u00dcHRER\" \/>\n<meta property=\"article:modified_time\" content=\"2025-11-06T09:19:07+00:00\" \/>\n<meta property=\"og:image\" content=\"https:\/\/www.gamapa.de\/wp-content\/uploads\/2021\/03\/Greifzu-big.jpg\" \/>\n\t<meta property=\"og:image:width\" content=\"1440\" \/>\n\t<meta property=\"og:image:height\" content=\"859\" \/>\n\t<meta property=\"og:image:type\" content=\"image\/jpeg\" \/>\n<meta name=\"twitter:card\" content=\"summary_large_image\" \/>\n<meta name=\"twitter:label1\" content=\"Dur\u00e9e de lecture estim\u00e9e\" \/>\n\t<meta name=\"twitter:data1\" content=\"1 minute\" \/>\n<script type=\"application\/ld+json\" class=\"yoast-schema-graph\">{\"@context\":\"https:\\\/\\\/schema.org\",\"@graph\":[{\"@type\":\"WebPage\",\"@id\":\"https:\\\/\\\/www.gamapa.de\\\/fr\\\/conseillers\\\/melanie-greifzu-conseillere-fiscal\\\/\",\"url\":\"https:\\\/\\\/www.gamapa.de\\\/fr\\\/conseillers\\\/melanie-greifzu-conseillere-fiscal\\\/\",\"name\":\"Melanie Greifzu - GANTEF\u00dcHRER\",\"isPartOf\":{\"@id\":\"https:\\\/\\\/www.gamapa.de\\\/fr\\\/#website\"},\"primaryImageOfPage\":{\"@id\":\"https:\\\/\\\/www.gamapa.de\\\/fr\\\/conseillers\\\/melanie-greifzu-conseillere-fiscal\\\/#primaryimage\"},\"image\":{\"@id\":\"https:\\\/\\\/www.gamapa.de\\\/fr\\\/conseillers\\\/melanie-greifzu-conseillere-fiscal\\\/#primaryimage\"},\"thumbnailUrl\":\"https:\\\/\\\/www.gamapa.de\\\/wp-content\\\/uploads\\\/2021\\\/03\\\/Greifzu-big.jpg\",\"datePublished\":\"2021-03-05T09:26:33+00:00\",\"dateModified\":\"2025-11-06T09:19:07+00:00\",\"breadcrumb\":{\"@id\":\"https:\\\/\\\/www.gamapa.de\\\/fr\\\/conseillers\\\/melanie-greifzu-conseillere-fiscal\\\/#breadcrumb\"},\"inLanguage\":\"fr-FR\",\"potentialAction\":[{\"@type\":\"ReadAction\",\"target\":[\"https:\\\/\\\/www.gamapa.de\\\/fr\\\/conseillers\\\/melanie-greifzu-conseillere-fiscal\\\/\"]}]},{\"@type\":\"ImageObject\",\"inLanguage\":\"fr-FR\",\"@id\":\"https:\\\/\\\/www.gamapa.de\\\/fr\\\/conseillers\\\/melanie-greifzu-conseillere-fiscal\\\/#primaryimage\",\"url\":\"https:\\\/\\\/www.gamapa.de\\\/wp-content\\\/uploads\\\/2021\\\/03\\\/Greifzu-big.jpg\",\"contentUrl\":\"https:\\\/\\\/www.gamapa.de\\\/wp-content\\\/uploads\\\/2021\\\/03\\\/Greifzu-big.jpg\",\"width\":1440,\"height\":859,\"caption\":\"Melanie Greifzu\"},{\"@type\":\"BreadcrumbList\",\"@id\":\"https:\\\/\\\/www.gamapa.de\\\/fr\\\/conseillers\\\/melanie-greifzu-conseillere-fiscal\\\/#breadcrumb\",\"itemListElement\":[{\"@type\":\"ListItem\",\"position\":1,\"name\":\"Startseite\",\"item\":\"https:\\\/\\\/www.gamapa.de\\\/fr\\\/\"},{\"@type\":\"ListItem\",\"position\":2,\"name\":\"Conseillers\",\"item\":\"https:\\\/\\\/www.gamapa.de\\\/fr\\\/conseillers\\\/\"},{\"@type\":\"ListItem\",\"position\":3,\"name\":\"Melanie Greifzu\"}]},{\"@type\":\"WebSite\",\"@id\":\"https:\\\/\\\/www.gamapa.de\\\/fr\\\/#website\",\"url\":\"https:\\\/\\\/www.gamapa.de\\\/fr\\\/\",\"name\":\"GANTEF\u00dcHRER\",\"description\":\"Wirtschaftspr\u00fcfer, Steuerberater, Rechtsanw\u00e4lte\",\"publisher\":{\"@id\":\"https:\\\/\\\/www.gamapa.de\\\/fr\\\/#organization\"},\"potentialAction\":[{\"@type\":\"SearchAction\",\"target\":{\"@type\":\"EntryPoint\",\"urlTemplate\":\"https:\\\/\\\/www.gamapa.de\\\/fr\\\/?s={search_term_string}\"},\"query-input\":{\"@type\":\"PropertyValueSpecification\",\"valueRequired\":true,\"valueName\":\"search_term_string\"}}],\"inLanguage\":\"fr-FR\"},{\"@type\":\"Organization\",\"@id\":\"https:\\\/\\\/www.gamapa.de\\\/fr\\\/#organization\",\"name\":\"Gantef\u00fchrer Wirtschaftspr\u00fcfer, Steuerberater, Rechtsanw\u00e4lte\",\"url\":\"https:\\\/\\\/www.gamapa.de\\\/fr\\\/\",\"logo\":{\"@type\":\"ImageObject\",\"inLanguage\":\"fr-FR\",\"@id\":\"https:\\\/\\\/www.gamapa.de\\\/fr\\\/#\\\/schema\\\/logo\\\/image\\\/\",\"url\":\"https:\\\/\\\/www.gamapa.de\\\/wp-content\\\/uploads\\\/2026\\\/01\\\/Logo-Gantefuehrer.png\",\"contentUrl\":\"https:\\\/\\\/www.gamapa.de\\\/wp-content\\\/uploads\\\/2026\\\/01\\\/Logo-Gantefuehrer.png\",\"width\":767,\"height\":156,\"caption\":\"Gantef\u00fchrer Wirtschaftspr\u00fcfer, Steuerberater, Rechtsanw\u00e4lte\"},\"image\":{\"@id\":\"https:\\\/\\\/www.gamapa.de\\\/fr\\\/#\\\/schema\\\/logo\\\/image\\\/\"}}]}<\/script>\n<!-- \/ Yoast SEO plugin. -->","yoast_head_json":{"title":"Melanie Greifzu - GANTEF\u00dcHRER","robots":{"index":"index","follow":"follow","max-snippet":"max-snippet:-1","max-image-preview":"max-image-preview:large","max-video-preview":"max-video-preview:-1"},"canonical":"https:\/\/www.gamapa.de\/fr\/conseillers\/melanie-greifzu-conseillere-fiscal\/","og_locale":"fr_FR","og_type":"article","og_title":"Melanie Greifzu - GANTEF\u00dcHRER","og_description":"Domaines de sp\u00e9cialisation Carri\u00e8re professionelle 1998-2005 Etudes d&rsquo;\u00e9conomie, Universit\u00e9 Duisburg-Essen, \u00e0 Duisburg 2006-2013 D&rsquo;assistante \u00e0 senior chez Ernst &amp; Young GmbH, Wirtschaftspr\u00fcfungsgesellschaft, D\u00fcsseldorf 2012 Obtention du dipl\u00f4me de conseill\u00e8re fiscale 2013-2019 Conseill\u00e8re fiscale dans un cabinet de taille moyenne 2019-2020 Conseill\u00e8re fiscale dans un petit cabinet depuis 2021 Conseill\u00e8re fiscale chez Dr. Gantef\u00fchrer, Marquardt und [\u2026]","og_url":"https:\/\/www.gamapa.de\/fr\/conseillers\/melanie-greifzu-conseillere-fiscal\/","og_site_name":"GANTEF\u00dcHRER","article_modified_time":"2025-11-06T09:19:07+00:00","og_image":[{"width":1440,"height":859,"url":"https:\/\/www.gamapa.de\/wp-content\/uploads\/2021\/03\/Greifzu-big.jpg","type":"image\/jpeg"}],"twitter_card":"summary_large_image","twitter_misc":{"Dur\u00e9e de lecture estim\u00e9e":"1 minute"},"schema":{"@context":"https:\/\/schema.org","@graph":[{"@type":"WebPage","@id":"https:\/\/www.gamapa.de\/fr\/conseillers\/melanie-greifzu-conseillere-fiscal\/","url":"https:\/\/www.gamapa.de\/fr\/conseillers\/melanie-greifzu-conseillere-fiscal\/","name":"Melanie Greifzu - GANTEF\u00dcHRER","isPartOf":{"@id":"https:\/\/www.gamapa.de\/fr\/#website"},"primaryImageOfPage":{"@id":"https:\/\/www.gamapa.de\/fr\/conseillers\/melanie-greifzu-conseillere-fiscal\/#primaryimage"},"image":{"@id":"https:\/\/www.gamapa.de\/fr\/conseillers\/melanie-greifzu-conseillere-fiscal\/#primaryimage"},"thumbnailUrl":"https:\/\/www.gamapa.de\/wp-content\/uploads\/2021\/03\/Greifzu-big.jpg","datePublished":"2021-03-05T09:26:33+00:00","dateModified":"2025-11-06T09:19:07+00:00","breadcrumb":{"@id":"https:\/\/www.gamapa.de\/fr\/conseillers\/melanie-greifzu-conseillere-fiscal\/#breadcrumb"},"inLanguage":"fr-FR","potentialAction":[{"@type":"ReadAction","target":["https:\/\/www.gamapa.de\/fr\/conseillers\/melanie-greifzu-conseillere-fiscal\/"]}]},{"@type":"ImageObject","inLanguage":"fr-FR","@id":"https:\/\/www.gamapa.de\/fr\/conseillers\/melanie-greifzu-conseillere-fiscal\/#primaryimage","url":"https:\/\/www.gamapa.de\/wp-content\/uploads\/2021\/03\/Greifzu-big.jpg","contentUrl":"https:\/\/www.gamapa.de\/wp-content\/uploads\/2021\/03\/Greifzu-big.jpg","width":1440,"height":859,"caption":"Melanie Greifzu"},{"@type":"BreadcrumbList","@id":"https:\/\/www.gamapa.de\/fr\/conseillers\/melanie-greifzu-conseillere-fiscal\/#breadcrumb","itemListElement":[{"@type":"ListItem","position":1,"name":"Startseite","item":"https:\/\/www.gamapa.de\/fr\/"},{"@type":"ListItem","position":2,"name":"Conseillers","item":"https:\/\/www.gamapa.de\/fr\/conseillers\/"},{"@type":"ListItem","position":3,"name":"Melanie Greifzu"}]},{"@type":"WebSite","@id":"https:\/\/www.gamapa.de\/fr\/#website","url":"https:\/\/www.gamapa.de\/fr\/","name":"GANTEF\u00dcHRER","description":"Wirtschaftspr\u00fcfer, Steuerberater, Rechtsanw\u00e4lte","publisher":{"@id":"https:\/\/www.gamapa.de\/fr\/#organization"},"potentialAction":[{"@type":"SearchAction","target":{"@type":"EntryPoint","urlTemplate":"https:\/\/www.gamapa.de\/fr\/?s={search_term_string}"},"query-input":{"@type":"PropertyValueSpecification","valueRequired":true,"valueName":"search_term_string"}}],"inLanguage":"fr-FR"},{"@type":"Organization","@id":"https:\/\/www.gamapa.de\/fr\/#organization","name":"Gantef\u00fchrer Wirtschaftspr\u00fcfer, Steuerberater, Rechtsanw\u00e4lte","url":"https:\/\/www.gamapa.de\/fr\/","logo":{"@type":"ImageObject","inLanguage":"fr-FR","@id":"https:\/\/www.gamapa.de\/fr\/#\/schema\/logo\/image\/","url":"https:\/\/www.gamapa.de\/wp-content\/uploads\/2026\/01\/Logo-Gantefuehrer.png","contentUrl":"https:\/\/www.gamapa.de\/wp-content\/uploads\/2026\/01\/Logo-Gantefuehrer.png","width":767,"height":156,"caption":"Gantef\u00fchrer Wirtschaftspr\u00fcfer, Steuerberater, Rechtsanw\u00e4lte"},"image":{"@id":"https:\/\/www.gamapa.de\/fr\/#\/schema\/logo\/image\/"}}]}},"uagb_featured_image_src":{"full":["https:\/\/www.gamapa.de\/wp-content\/uploads\/2021\/03\/Greifzu-big.jpg",1440,859,false],"thumbnail":["https:\/\/www.gamapa.de\/wp-content\/uploads\/2021\/03\/Greifzu-big-150x150.jpg",150,150,true],"medium":["https:\/\/www.gamapa.de\/wp-content\/uploads\/2021\/03\/Greifzu-big-600x358.jpg",600,358,true],"medium_large":["https:\/\/www.gamapa.de\/wp-content\/uploads\/2021\/03\/Greifzu-big-768x458.jpg",580,346,true],"large":["https:\/\/www.gamapa.de\/wp-content\/uploads\/2021\/03\/Greifzu-big.jpg",580,346,false],"gs-tiny":["https:\/\/www.gamapa.de\/wp-content\/uploads\/2021\/03\/Greifzu-big.jpg",50,30,false],"xl":["https:\/\/www.gamapa.de\/wp-content\/uploads\/2021\/03\/Greifzu-big.jpg",1440,859,false],"xxl":["https:\/\/www.gamapa.de\/wp-content\/uploads\/2021\/03\/Greifzu-big.jpg",1440,859,false],"xxxl":["https:\/\/www.gamapa.de\/wp-content\/uploads\/2021\/03\/Greifzu-big.jpg",1440,859,false],"xxxxl":["https:\/\/www.gamapa.de\/wp-content\/uploads\/2021\/03\/Greifzu-big.jpg",1440,859,false],"xxxxxl":["https:\/\/www.gamapa.de\/wp-content\/uploads\/2021\/03\/Greifzu-big.jpg",1440,859,false],"1536x1536":["https:\/\/www.gamapa.de\/wp-content\/uploads\/2021\/03\/Greifzu-big.jpg",1440,859,false],"2048x2048":["https:\/\/www.gamapa.de\/wp-content\/uploads\/2021\/03\/Greifzu-big.jpg",1440,859,false],"post-thumbnail":["https:\/\/www.gamapa.de\/wp-content\/uploads\/2021\/03\/Greifzu-big.jpg",1440,859,false],"twentytwenty-fullscreen":["https:\/\/www.gamapa.de\/wp-content\/uploads\/2021\/03\/Greifzu-big.jpg",1440,859,false],"theme-slug-single-post":["https:\/\/www.gamapa.de\/wp-content\/uploads\/2021\/03\/Greifzu-big-1440x400.jpg",1440,400,true]},"uagb_author_info":{"display_name":"linda","author_link":"https:\/\/www.gamapa.de\/fr\/author\/linda\/"},"uagb_comment_info":0,"uagb_excerpt":"Domaines de sp\u00e9cialisation Carri\u00e8re professionelle 1998-2005 Etudes d&rsquo;\u00e9conomie, Universit\u00e9 Duisburg-Essen, \u00e0 Duisburg 2006-2013 D&rsquo;assistante \u00e0 senior chez Ernst &amp; Young GmbH, Wirtschaftspr\u00fcfungsgesellschaft, D\u00fcsseldorf 2012 Obtention du dipl\u00f4me de conseill\u00e8re fiscale 2013-2019 Conseill\u00e8re fiscale dans un cabinet de taille moyenne 2019-2020 Conseill\u00e8re fiscale dans un petit cabinet depuis 2021 Conseill\u00e8re fiscale chez Dr. Gantef\u00fchrer, Marquardt und\u2026","_links":{"self":[{"href":"https:\/\/www.gamapa.de\/fr\/wp-json\/wp\/v2\/pages\/6822","targetHints":{"allow":["GET"]}}],"collection":[{"href":"https:\/\/www.gamapa.de\/fr\/wp-json\/wp\/v2\/pages"}],"about":[{"href":"https:\/\/www.gamapa.de\/fr\/wp-json\/wp\/v2\/types\/page"}],"author":[{"embeddable":true,"href":"https:\/\/www.gamapa.de\/fr\/wp-json\/wp\/v2\/users\/1"}],"replies":[{"embeddable":true,"href":"https:\/\/www.gamapa.de\/fr\/wp-json\/wp\/v2\/comments?post=6822"}],"version-history":[{"count":21,"href":"https:\/\/www.gamapa.de\/fr\/wp-json\/wp\/v2\/pages\/6822\/revisions"}],"predecessor-version":[{"id":22250,"href":"https:\/\/www.gamapa.de\/fr\/wp-json\/wp\/v2\/pages\/6822\/revisions\/22250"}],"up":[{"embeddable":true,"href":"https:\/\/www.gamapa.de\/fr\/wp-json\/wp\/v2\/pages\/4584"}],"wp:featuredmedia":[{"embeddable":true,"href":"https:\/\/www.gamapa.de\/fr\/wp-json\/wp\/v2\/media\/6806"}],"wp:attachment":[{"href":"https:\/\/www.gamapa.de\/fr\/wp-json\/wp\/v2\/media?parent=6822"}],"curies":[{"name":"wp","href":"https:\/\/api.w.org\/{rel}","templated":true}]}}