

{"id":7856,"date":"2021-04-10T21:35:06","date_gmt":"2021-04-10T19:35:06","guid":{"rendered":"https:\/\/www.gamapa.de\/vera-niedermeyer-rechstanwealtin-mediatorin\/"},"modified":"2025-07-14T12:24:31","modified_gmt":"2025-07-14T10:24:31","slug":"vera-niedermeyer-avocat-mediatrice","status":"publish","type":"page","link":"https:\/\/www.gamapa.de\/fr\/conseillers\/vera-niedermeyer-avocat-mediatrice\/","title":{"rendered":"Vera Niedermeyer"},"content":{"rendered":"\n<h3 class=\"wp-block-heading\"><strong><strong>Domaines de sp\u00e9cialisation<\/strong><\/strong><\/h3>\n\n\n\n<ul class=\"wp-block-list\">\n<li>Conseil en gestion de succession (entreprise et patrimoine)<\/li>\n\n\n\n<li>Droit des soci\u00e9t\u00e9s et droit commercial, droit des fondations<\/li>\n\n\n\n<li>Droit de l\u2019art<\/li>\n\n\n\n<li>M\u00e9diation<\/li>\n\n\n\n<li>Droit de la supervision bancaire<\/li>\n<\/ul>\n\n\n\n<h3 class=\"wp-block-heading\"><strong><strong><strong>Carri\u00e8re professionnelle<\/strong><\/strong><\/strong><\/h3>\n\n\n\n<figure class=\"wp-block-table tablist\"><table><tbody><tr><td>2002-2007<\/td><td>Etudes de droit \u00e0 l&rsquo;Universit\u00e9 de Constance<\/td><\/tr><tr><td>2008-2008<\/td><td>Stage chez UBS Investment Bank, Z\u00fcrich<\/td><\/tr><tr><td>2009-2011&nbsp;<\/td><td>Stage juridique au OLG Francfort\/Main<\/td><\/tr><tr><td>2011-2016<\/td><td>Avocate et associ\u00e9e salari\u00e9e chez Heuking K\u00fchn L\u00fcer Wojtek, Z\u00fcrich<\/td><\/tr><tr><td>2016-2021<\/td><td>Avocate e associ\u00e9e chez Pontinova AG, Z\u00fcrich<\/td><\/tr><tr><td>depuis 2020<\/td><td>M\u00e9diatrice certifi\u00e9e<\/td><\/tr><tr><td>depuis 2021<\/td><td>Avocate chez Dr. Gantef\u00fchrer, Marquardt &amp; Partner <\/td><\/tr><tr><td>depuis 2022<\/td><td>Associ\u00e9e chez Dr. Gantef\u00fchrer, Marquardt &amp; Partner <\/td><\/tr><\/tbody><\/table><\/figure>\n\n\n\n<h3 class=\"wp-block-heading\"><strong><strong><strong>Secteurs<\/strong><\/strong><\/strong><\/h3>\n\n\n\n<ul class=\"wp-block-list\">\n<li>Entreprises de taille moyenne et familles d&rsquo;entrepreneurs<\/li>\n\n\n\n<li>Clients priv\u00e9s<\/li>\n\n\n\n<li>Banques et gestionnaires de fortune<\/li>\n\n\n\n<li>Family Offices<\/li>\n\n\n\n<li>Fondations<\/li>\n<\/ul>\n\n\n\n<h3 class=\"wp-block-heading\"><strong><strong><strong><strong>Publications<\/strong><\/strong><\/strong><\/strong><\/h3>\n\n\n\n<ul class=\"wp-block-list\">\n<li>12\/2019 Ladies Drive &#8211; Le magazine d&rsquo;affaires pour les femmes: Sortir de la crise<\/li>\n\n\n\n<li>03\/2016 die bank: Banques suisses &#8211; La voie vers l&rsquo;Allemagne<\/li>\n\n\n\n<li>07\/2014\u00a0<a href=\"http:\/\/www.familymattersonline.info\/\">www.familymattersonline.info<\/a>: Succession statutaire ou derni\u00e8re volont\u00e9 &#8211; qu&rsquo;est-ce que c&rsquo;est? (avec Dirk W. Kolvenbach)<\/li>\n\n\n\n<li>09\/2013&nbsp;<a href=\"http:\/\/www.familymattersonline.info\/\">www.familymattersonline.info<\/a>: Accrual of inheritance involving assets abroad &#8211; complexity frequently underestimated<\/li>\n\n\n\n<li>09\/2012 Engel &amp; V\u00f6lkers Commercial: Souvent sous-estim\u00e9<\/li>\n\n\n\n<li>09\/2012 Engel &amp; V\u00f6lkers Commercial: Droit international des successions<\/li>\n\n\n\n<li>08\/2012 Private Wealth: Le plan d&rsquo;urgence (avec Dirk W. Kolvenbach)<\/li>\n<\/ul>\n\n\n\n<div class=\"wp-block-buttons is-layout-flex wp-block-buttons-is-layout-flex\">\n<div class=\"wp-block-button zurueck\"><a class=\"wp-block-button__link wp-element-button\" href=\"https:\/\/www.gamapa.de\/fr\/conseillers\/\">retour<\/a><\/div>\n<\/div>\n","protected":false},"excerpt":{"rendered":"<p>Domaines de sp\u00e9cialisation Carri\u00e8re professionnelle 2002-2007 Etudes de droit \u00e0 l&rsquo;Universit\u00e9 de Constance 2008-2008 Stage chez UBS Investment Bank, Z\u00fcrich 2009-2011&nbsp; Stage juridique au OLG Francfort\/Main 2011-2016 Avocate et associ\u00e9e salari\u00e9e chez Heuking K\u00fchn L\u00fcer Wojtek, Z\u00fcrich 2016-2021 Avocate e associ\u00e9e chez Pontinova AG, Z\u00fcrich depuis 2020 M\u00e9diatrice certifi\u00e9e depuis 2021 Avocate chez Dr. Gantef\u00fchrer, <a href=\"https:\/\/www.gamapa.de\/fr\/conseillers\/vera-niedermeyer-avocat-mediatrice\/\">[\u2026]<\/a><\/p>\n","protected":false},"author":1,"featured_media":8142,"parent":4584,"menu_order":36,"comment_status":"closed","ping_status":"closed","template":"templates\/template-Profil.php","meta":{"_acf_changed":false,"_uag_custom_page_level_css":"","footnotes":""},"class_list":["post-7856","page","type-page","status-publish","has-post-thumbnail","hentry"],"acf":[],"yoast_head":"<!-- This site is optimized with the Yoast SEO plugin v27.3 - https:\/\/yoast.com\/product\/yoast-seo-wordpress\/ -->\n<title>Vera Niedermeyer - GANTEF\u00dcHRER<\/title>\n<meta name=\"robots\" content=\"index, follow, max-snippet:-1, max-image-preview:large, max-video-preview:-1\" \/>\n<link rel=\"canonical\" href=\"https:\/\/www.gamapa.de\/fr\/conseillers\/vera-niedermeyer-avocat-mediatrice\/\" \/>\n<meta property=\"og:locale\" content=\"fr_FR\" \/>\n<meta property=\"og:type\" content=\"article\" \/>\n<meta property=\"og:title\" content=\"Vera Niedermeyer - GANTEF\u00dcHRER\" \/>\n<meta property=\"og:description\" content=\"Domaines de sp\u00e9cialisation Carri\u00e8re professionnelle 2002-2007 Etudes de droit \u00e0 l&rsquo;Universit\u00e9 de Constance 2008-2008 Stage chez UBS Investment Bank, Z\u00fcrich 2009-2011&nbsp; Stage juridique au OLG Francfort\/Main 2011-2016 Avocate et associ\u00e9e salari\u00e9e chez Heuking K\u00fchn L\u00fcer Wojtek, Z\u00fcrich 2016-2021 Avocate e associ\u00e9e chez Pontinova AG, Z\u00fcrich depuis 2020 M\u00e9diatrice certifi\u00e9e depuis 2021 Avocate chez Dr. Gantef\u00fchrer, [\u2026]\" \/>\n<meta property=\"og:url\" content=\"https:\/\/www.gamapa.de\/fr\/conseillers\/vera-niedermeyer-avocat-mediatrice\/\" \/>\n<meta property=\"og:site_name\" content=\"GANTEF\u00dcHRER\" \/>\n<meta property=\"article:modified_time\" content=\"2025-07-14T10:24:31+00:00\" \/>\n<meta property=\"og:image\" content=\"https:\/\/www.gamapa.de\/wp-content\/uploads\/2020\/08\/Niedermeyer-big.jpg\" \/>\n\t<meta property=\"og:image:width\" content=\"1440\" \/>\n\t<meta property=\"og:image:height\" content=\"859\" \/>\n\t<meta property=\"og:image:type\" content=\"image\/jpeg\" \/>\n<meta name=\"twitter:card\" content=\"summary_large_image\" \/>\n<meta name=\"twitter:label1\" content=\"Dur\u00e9e de lecture estim\u00e9e\" \/>\n\t<meta name=\"twitter:data1\" content=\"2 minutes\" \/>\n<script type=\"application\/ld+json\" class=\"yoast-schema-graph\">{\"@context\":\"https:\\\/\\\/schema.org\",\"@graph\":[{\"@type\":\"WebPage\",\"@id\":\"https:\\\/\\\/www.gamapa.de\\\/fr\\\/conseillers\\\/vera-niedermeyer-avocat-mediatrice\\\/\",\"url\":\"https:\\\/\\\/www.gamapa.de\\\/fr\\\/conseillers\\\/vera-niedermeyer-avocat-mediatrice\\\/\",\"name\":\"Vera Niedermeyer - GANTEF\u00dcHRER\",\"isPartOf\":{\"@id\":\"https:\\\/\\\/www.gamapa.de\\\/fr\\\/#website\"},\"primaryImageOfPage\":{\"@id\":\"https:\\\/\\\/www.gamapa.de\\\/fr\\\/conseillers\\\/vera-niedermeyer-avocat-mediatrice\\\/#primaryimage\"},\"image\":{\"@id\":\"https:\\\/\\\/www.gamapa.de\\\/fr\\\/conseillers\\\/vera-niedermeyer-avocat-mediatrice\\\/#primaryimage\"},\"thumbnailUrl\":\"https:\\\/\\\/www.gamapa.de\\\/wp-content\\\/uploads\\\/2020\\\/08\\\/Niedermeyer-big.jpg\",\"datePublished\":\"2021-04-10T19:35:06+00:00\",\"dateModified\":\"2025-07-14T10:24:31+00:00\",\"breadcrumb\":{\"@id\":\"https:\\\/\\\/www.gamapa.de\\\/fr\\\/conseillers\\\/vera-niedermeyer-avocat-mediatrice\\\/#breadcrumb\"},\"inLanguage\":\"fr-FR\",\"potentialAction\":[{\"@type\":\"ReadAction\",\"target\":[\"https:\\\/\\\/www.gamapa.de\\\/fr\\\/conseillers\\\/vera-niedermeyer-avocat-mediatrice\\\/\"]}]},{\"@type\":\"ImageObject\",\"inLanguage\":\"fr-FR\",\"@id\":\"https:\\\/\\\/www.gamapa.de\\\/fr\\\/conseillers\\\/vera-niedermeyer-avocat-mediatrice\\\/#primaryimage\",\"url\":\"https:\\\/\\\/www.gamapa.de\\\/wp-content\\\/uploads\\\/2020\\\/08\\\/Niedermeyer-big.jpg\",\"contentUrl\":\"https:\\\/\\\/www.gamapa.de\\\/wp-content\\\/uploads\\\/2020\\\/08\\\/Niedermeyer-big.jpg\",\"width\":1440,\"height\":859},{\"@type\":\"BreadcrumbList\",\"@id\":\"https:\\\/\\\/www.gamapa.de\\\/fr\\\/conseillers\\\/vera-niedermeyer-avocat-mediatrice\\\/#breadcrumb\",\"itemListElement\":[{\"@type\":\"ListItem\",\"position\":1,\"name\":\"Startseite\",\"item\":\"https:\\\/\\\/www.gamapa.de\\\/fr\\\/\"},{\"@type\":\"ListItem\",\"position\":2,\"name\":\"Conseillers\",\"item\":\"https:\\\/\\\/www.gamapa.de\\\/fr\\\/conseillers\\\/\"},{\"@type\":\"ListItem\",\"position\":3,\"name\":\"Vera Niedermeyer\"}]},{\"@type\":\"WebSite\",\"@id\":\"https:\\\/\\\/www.gamapa.de\\\/fr\\\/#website\",\"url\":\"https:\\\/\\\/www.gamapa.de\\\/fr\\\/\",\"name\":\"GANTEF\u00dcHRER\",\"description\":\"Wirtschaftspr\u00fcfer, Steuerberater, Rechtsanw\u00e4lte\",\"publisher\":{\"@id\":\"https:\\\/\\\/www.gamapa.de\\\/fr\\\/#organization\"},\"potentialAction\":[{\"@type\":\"SearchAction\",\"target\":{\"@type\":\"EntryPoint\",\"urlTemplate\":\"https:\\\/\\\/www.gamapa.de\\\/fr\\\/?s={search_term_string}\"},\"query-input\":{\"@type\":\"PropertyValueSpecification\",\"valueRequired\":true,\"valueName\":\"search_term_string\"}}],\"inLanguage\":\"fr-FR\"},{\"@type\":\"Organization\",\"@id\":\"https:\\\/\\\/www.gamapa.de\\\/fr\\\/#organization\",\"name\":\"Gantef\u00fchrer Wirtschaftspr\u00fcfer, Steuerberater, Rechtsanw\u00e4lte\",\"url\":\"https:\\\/\\\/www.gamapa.de\\\/fr\\\/\",\"logo\":{\"@type\":\"ImageObject\",\"inLanguage\":\"fr-FR\",\"@id\":\"https:\\\/\\\/www.gamapa.de\\\/fr\\\/#\\\/schema\\\/logo\\\/image\\\/\",\"url\":\"https:\\\/\\\/www.gamapa.de\\\/wp-content\\\/uploads\\\/2026\\\/01\\\/Logo-Gantefuehrer.png\",\"contentUrl\":\"https:\\\/\\\/www.gamapa.de\\\/wp-content\\\/uploads\\\/2026\\\/01\\\/Logo-Gantefuehrer.png\",\"width\":767,\"height\":156,\"caption\":\"Gantef\u00fchrer Wirtschaftspr\u00fcfer, Steuerberater, Rechtsanw\u00e4lte\"},\"image\":{\"@id\":\"https:\\\/\\\/www.gamapa.de\\\/fr\\\/#\\\/schema\\\/logo\\\/image\\\/\"}}]}<\/script>\n<!-- \/ Yoast SEO plugin. -->","yoast_head_json":{"title":"Vera Niedermeyer - GANTEF\u00dcHRER","robots":{"index":"index","follow":"follow","max-snippet":"max-snippet:-1","max-image-preview":"max-image-preview:large","max-video-preview":"max-video-preview:-1"},"canonical":"https:\/\/www.gamapa.de\/fr\/conseillers\/vera-niedermeyer-avocat-mediatrice\/","og_locale":"fr_FR","og_type":"article","og_title":"Vera Niedermeyer - GANTEF\u00dcHRER","og_description":"Domaines de sp\u00e9cialisation Carri\u00e8re professionnelle 2002-2007 Etudes de droit \u00e0 l&rsquo;Universit\u00e9 de Constance 2008-2008 Stage chez UBS Investment Bank, Z\u00fcrich 2009-2011&nbsp; Stage juridique au OLG Francfort\/Main 2011-2016 Avocate et associ\u00e9e salari\u00e9e chez Heuking K\u00fchn L\u00fcer Wojtek, Z\u00fcrich 2016-2021 Avocate e associ\u00e9e chez Pontinova AG, Z\u00fcrich depuis 2020 M\u00e9diatrice certifi\u00e9e depuis 2021 Avocate chez Dr. Gantef\u00fchrer, [\u2026]","og_url":"https:\/\/www.gamapa.de\/fr\/conseillers\/vera-niedermeyer-avocat-mediatrice\/","og_site_name":"GANTEF\u00dcHRER","article_modified_time":"2025-07-14T10:24:31+00:00","og_image":[{"width":1440,"height":859,"url":"https:\/\/www.gamapa.de\/wp-content\/uploads\/2020\/08\/Niedermeyer-big.jpg","type":"image\/jpeg"}],"twitter_card":"summary_large_image","twitter_misc":{"Dur\u00e9e de lecture estim\u00e9e":"2 minutes"},"schema":{"@context":"https:\/\/schema.org","@graph":[{"@type":"WebPage","@id":"https:\/\/www.gamapa.de\/fr\/conseillers\/vera-niedermeyer-avocat-mediatrice\/","url":"https:\/\/www.gamapa.de\/fr\/conseillers\/vera-niedermeyer-avocat-mediatrice\/","name":"Vera Niedermeyer - GANTEF\u00dcHRER","isPartOf":{"@id":"https:\/\/www.gamapa.de\/fr\/#website"},"primaryImageOfPage":{"@id":"https:\/\/www.gamapa.de\/fr\/conseillers\/vera-niedermeyer-avocat-mediatrice\/#primaryimage"},"image":{"@id":"https:\/\/www.gamapa.de\/fr\/conseillers\/vera-niedermeyer-avocat-mediatrice\/#primaryimage"},"thumbnailUrl":"https:\/\/www.gamapa.de\/wp-content\/uploads\/2020\/08\/Niedermeyer-big.jpg","datePublished":"2021-04-10T19:35:06+00:00","dateModified":"2025-07-14T10:24:31+00:00","breadcrumb":{"@id":"https:\/\/www.gamapa.de\/fr\/conseillers\/vera-niedermeyer-avocat-mediatrice\/#breadcrumb"},"inLanguage":"fr-FR","potentialAction":[{"@type":"ReadAction","target":["https:\/\/www.gamapa.de\/fr\/conseillers\/vera-niedermeyer-avocat-mediatrice\/"]}]},{"@type":"ImageObject","inLanguage":"fr-FR","@id":"https:\/\/www.gamapa.de\/fr\/conseillers\/vera-niedermeyer-avocat-mediatrice\/#primaryimage","url":"https:\/\/www.gamapa.de\/wp-content\/uploads\/2020\/08\/Niedermeyer-big.jpg","contentUrl":"https:\/\/www.gamapa.de\/wp-content\/uploads\/2020\/08\/Niedermeyer-big.jpg","width":1440,"height":859},{"@type":"BreadcrumbList","@id":"https:\/\/www.gamapa.de\/fr\/conseillers\/vera-niedermeyer-avocat-mediatrice\/#breadcrumb","itemListElement":[{"@type":"ListItem","position":1,"name":"Startseite","item":"https:\/\/www.gamapa.de\/fr\/"},{"@type":"ListItem","position":2,"name":"Conseillers","item":"https:\/\/www.gamapa.de\/fr\/conseillers\/"},{"@type":"ListItem","position":3,"name":"Vera Niedermeyer"}]},{"@type":"WebSite","@id":"https:\/\/www.gamapa.de\/fr\/#website","url":"https:\/\/www.gamapa.de\/fr\/","name":"GANTEF\u00dcHRER","description":"Wirtschaftspr\u00fcfer, Steuerberater, Rechtsanw\u00e4lte","publisher":{"@id":"https:\/\/www.gamapa.de\/fr\/#organization"},"potentialAction":[{"@type":"SearchAction","target":{"@type":"EntryPoint","urlTemplate":"https:\/\/www.gamapa.de\/fr\/?s={search_term_string}"},"query-input":{"@type":"PropertyValueSpecification","valueRequired":true,"valueName":"search_term_string"}}],"inLanguage":"fr-FR"},{"@type":"Organization","@id":"https:\/\/www.gamapa.de\/fr\/#organization","name":"Gantef\u00fchrer Wirtschaftspr\u00fcfer, Steuerberater, Rechtsanw\u00e4lte","url":"https:\/\/www.gamapa.de\/fr\/","logo":{"@type":"ImageObject","inLanguage":"fr-FR","@id":"https:\/\/www.gamapa.de\/fr\/#\/schema\/logo\/image\/","url":"https:\/\/www.gamapa.de\/wp-content\/uploads\/2026\/01\/Logo-Gantefuehrer.png","contentUrl":"https:\/\/www.gamapa.de\/wp-content\/uploads\/2026\/01\/Logo-Gantefuehrer.png","width":767,"height":156,"caption":"Gantef\u00fchrer Wirtschaftspr\u00fcfer, Steuerberater, Rechtsanw\u00e4lte"},"image":{"@id":"https:\/\/www.gamapa.de\/fr\/#\/schema\/logo\/image\/"}}]}},"uagb_featured_image_src":{"full":["https:\/\/www.gamapa.de\/wp-content\/uploads\/2020\/08\/Niedermeyer-big.jpg",1440,859,false],"thumbnail":["https:\/\/www.gamapa.de\/wp-content\/uploads\/2020\/08\/Niedermeyer-big-150x150.jpg",150,150,true],"medium":["https:\/\/www.gamapa.de\/wp-content\/uploads\/2020\/08\/Niedermeyer-big-600x358.jpg",600,358,true],"medium_large":["https:\/\/www.gamapa.de\/wp-content\/uploads\/2020\/08\/Niedermeyer-big-768x458.jpg",580,346,true],"large":["https:\/\/www.gamapa.de\/wp-content\/uploads\/2020\/08\/Niedermeyer-big.jpg",580,346,false],"gs-tiny":["https:\/\/www.gamapa.de\/wp-content\/uploads\/2020\/08\/Niedermeyer-big.jpg",50,30,false],"xl":["https:\/\/www.gamapa.de\/wp-content\/uploads\/2020\/08\/Niedermeyer-big.jpg",1440,859,false],"xxl":["https:\/\/www.gamapa.de\/wp-content\/uploads\/2020\/08\/Niedermeyer-big.jpg",1440,859,false],"xxxl":["https:\/\/www.gamapa.de\/wp-content\/uploads\/2020\/08\/Niedermeyer-big.jpg",1440,859,false],"xxxxl":["https:\/\/www.gamapa.de\/wp-content\/uploads\/2020\/08\/Niedermeyer-big.jpg",1440,859,false],"xxxxxl":["https:\/\/www.gamapa.de\/wp-content\/uploads\/2020\/08\/Niedermeyer-big.jpg",1440,859,false],"1536x1536":["https:\/\/www.gamapa.de\/wp-content\/uploads\/2020\/08\/Niedermeyer-big.jpg",1440,859,false],"2048x2048":["https:\/\/www.gamapa.de\/wp-content\/uploads\/2020\/08\/Niedermeyer-big.jpg",1440,859,false],"post-thumbnail":["https:\/\/www.gamapa.de\/wp-content\/uploads\/2020\/08\/Niedermeyer-big.jpg",1440,859,false],"twentytwenty-fullscreen":["https:\/\/www.gamapa.de\/wp-content\/uploads\/2020\/08\/Niedermeyer-big.jpg",1440,859,false],"theme-slug-single-post":["https:\/\/www.gamapa.de\/wp-content\/uploads\/2020\/08\/Niedermeyer-big-1440x400.jpg",1440,400,true]},"uagb_author_info":{"display_name":"linda","author_link":"https:\/\/www.gamapa.de\/fr\/author\/linda\/"},"uagb_comment_info":0,"uagb_excerpt":"Domaines de sp\u00e9cialisation Carri\u00e8re professionnelle 2002-2007 Etudes de droit \u00e0 l&rsquo;Universit\u00e9 de Constance 2008-2008 Stage chez UBS Investment Bank, Z\u00fcrich 2009-2011&nbsp; Stage juridique au OLG Francfort\/Main 2011-2016 Avocate et associ\u00e9e salari\u00e9e chez Heuking K\u00fchn L\u00fcer Wojtek, Z\u00fcrich 2016-2021 Avocate e associ\u00e9e chez Pontinova AG, Z\u00fcrich depuis 2020 M\u00e9diatrice certifi\u00e9e depuis 2021 Avocate chez Dr. Gantef\u00fchrer,\u2026","_links":{"self":[{"href":"https:\/\/www.gamapa.de\/fr\/wp-json\/wp\/v2\/pages\/7856","targetHints":{"allow":["GET"]}}],"collection":[{"href":"https:\/\/www.gamapa.de\/fr\/wp-json\/wp\/v2\/pages"}],"about":[{"href":"https:\/\/www.gamapa.de\/fr\/wp-json\/wp\/v2\/types\/page"}],"author":[{"embeddable":true,"href":"https:\/\/www.gamapa.de\/fr\/wp-json\/wp\/v2\/users\/1"}],"replies":[{"embeddable":true,"href":"https:\/\/www.gamapa.de\/fr\/wp-json\/wp\/v2\/comments?post=7856"}],"version-history":[{"count":17,"href":"https:\/\/www.gamapa.de\/fr\/wp-json\/wp\/v2\/pages\/7856\/revisions"}],"predecessor-version":[{"id":20738,"href":"https:\/\/www.gamapa.de\/fr\/wp-json\/wp\/v2\/pages\/7856\/revisions\/20738"}],"up":[{"embeddable":true,"href":"https:\/\/www.gamapa.de\/fr\/wp-json\/wp\/v2\/pages\/4584"}],"wp:featuredmedia":[{"embeddable":true,"href":"https:\/\/www.gamapa.de\/fr\/wp-json\/wp\/v2\/media\/8142"}],"wp:attachment":[{"href":"https:\/\/www.gamapa.de\/fr\/wp-json\/wp\/v2\/media?parent=7856"}],"curies":[{"name":"wp","href":"https:\/\/api.w.org\/{rel}","templated":true}]}}